{"id":2133,"date":"2022-04-13T15:33:05","date_gmt":"2022-04-13T20:33:05","guid":{"rendered":"https:\/\/serraniagua.org\/anterior\/?page_id=2133"},"modified":"2022-06-25T11:38:59","modified_gmt":"2022-06-25T16:38:59","slug":"guia-digital-de-anfibios-amenazados-de-la-reserva-natural-comunitaria-cerro-el-ingles","status":"publish","type":"page","link":"https:\/\/serraniagua.org\/anterior\/?page_id=2133","title":{"rendered":"Gu\u00eda digital de anfibios amenazados de la Reserva Natural Comunitaria Cerro El Ingl\u00e9s"},"content":{"rendered":"<section class=\"kc-elm kc_row\"><div class=\"kc-row-container  kc-container\"><div class=\"kc-wrap-columns\"><div class=\"kc-elm kc_column kc_col-sm-12\"><div class=\"kc-col-container\"><div class=\"kc-elm kc-css-599829 kc_text_block\"><p class=\"MsoNormal\" style=\"text-align: justify; tab-stops: 9.0pt;\"><span lang=\"ES\">Los anfibios son uno<br \/>\nde los grupos de vertebrados m\u00e1s amenazados del planeta, la degradaci\u00f3n y<br \/>\nperdida de los bosques como consecuencia de la agricultura y el cambio<br \/>\nclim\u00e1tico, los han puesto en grave peligro en todo el mundo. <\/span><\/p>\n<p class=\"MsoNormal\" style=\"text-align: justify; tab-stops: 9.0pt;\"><span lang=\"ES\">La Serran\u00eda de<br \/>\nlos Paraguas, un \u00c1rea Clave para la Conservaci\u00f3n de la Biodiversidad la cual cuenta<br \/>\ncon m\u00e1s de 30 especies de anfibios amenazados, y que se encuentran catalogados<br \/>\nen los listados rojos de la IUCN, en peligro de extinci\u00f3n. <\/span><\/p>\n<p class=\"MsoNormal\" style=\"text-align: justify; tab-stops: 9.0pt;\"><span lang=\"ES\">De estas<br \/>\npoblaciones de anfibios amenazados, la mayor cantidad de registros son en la<br \/>\nReserva Natural Comunitaria Cerro El Ingl\u00e9s, \u00e1rea protegida de gran importancia<br \/>\npara la ecorregi\u00f3n Serran\u00eda de los Paraguas. Este trabajo, es un esfuerzo<br \/>\nconjunto entre la Fundaci\u00f3n Calima y la Organizaci\u00f3n Ambiental Comunitaria<br \/>\nSerraniagua, para conservar y proteger los anfibios m\u00e1s amenazados de la<br \/>\nSerran\u00eda de los Paraguas y del planeta.\u00a0<\/span><\/p>\n<\/div><\/div><\/div><\/div><\/div><\/section><section class=\"kc-elm kc_row\"><div class=\"kc-row-container  kc-container\"><div class=\"kc-wrap-columns\"><div class=\"kc-elm kc-css-989970 kc_col-sm-6 kc_column kc_col-sm-6\"><div class=\"kc-col-container\"><div class=\"kc-elm kc-css-451527 kc_shortcode kc_single_image\">\n\n        <img src=\"https:\/\/serraniagua.org\/anterior\/wp-content\/uploads\/2022\/04\/Centrolene-heloderma-Macho-1-scaled-e1680621813912.jpg\" class=\"\" alt=\"\" \/>    \t    <p class=\"scapt\">Centrolene heloderma<\/p>\n\t    <\/div>\n<\/div><\/div><div class=\"kc-elm kc-css-938560 kc_col-sm-6 kc_column kc_col-sm-6\"><div class=\"kc-col-container\"><div class=\"kc-elm kc-css-540630 kc_text_block\"><p class=\"MsoNormal\" style=\"text-align: justify; line-height: 150%;\"><b><span lang=\"ES-TRAD\">Nombre Cient\u00edfico<\/span><\/b><span lang=\"ES-TRAD\">: <i>Centrolene heloderma<\/i> (Duellman, 1981)<\/span><\/p>\n<p class=\"MsoNormal\" style=\"text-align: justify; line-height: 150%;\"><b><span lang=\"ES-TRAD\">Nombre en Espa\u00f1ol<\/span><\/b><span lang=\"ES-TRAD\">: Rana de cristal verrugosa <\/span><\/p>\n<p class=\"MsoNormal\" style=\"text-align: justify; line-height: 150%;\"><b><span lang=\"ES-TRAD\">Nombre en Ingl\u00e9s<\/span><\/b><span lang=\"ES-TRAD\">: Warty Glassfrog<\/span><\/p>\n<p class=\"MsoNormal\" style=\"text-align: justify; line-height: 150%;\"><b style=\"text-indent: 36pt;\"><span lang=\"ES-TRAD\">Distribuci\u00f3n:<\/span><\/b><span lang=\"ES-TRAD\" style=\"text-indent: 36pt;\"> Fue descrita con espec\u00edmenes provenientes de Ecuador. En Colombia se encuentra en las vertientes pac\u00edficas de la Cordillera Occidental en los Departamentos de Antioquia, Cauca, Choc\u00f3, Risaralda y Valle del Cauca.<\/span><\/p>\n<p class=\"MsoNormal\" style=\"text-align: justify; line-height: 150%;\"><b style=\"text-indent: 35pt;\"><span lang=\"ES-TRAD\">Descripci\u00f3n:<\/span><\/b><span lang=\"ES-TRAD\" style=\"text-indent: 35pt;\"> <i>E<\/i>s una especie de tama\u00f1o moderadamente grande, con una longitud de 26 a 31 mm en machos adultos y de 32 mm en hembras. Es de color verde oscuro con peque\u00f1os tub\u00e9rculos blancos azulados en el dorso y el borde del labio es amarillo.<\/span><\/p>\n<p class=\"MsoNormal\" style=\"text-align: justify; line-height: 150%;\"><b style=\"text-indent: 35pt;\"><span lang=\"ES-TRAD\">Historia Natural:<\/span><\/b><span lang=\"ES-TRAD\" style=\"text-indent: 35pt;\"> Es una rana arbor\u00edcola de h\u00e1bitos nocturnos, se encuentra entre 1 a 7 metros por encima del suelo, cerca de quebradas y cascadas. Durante los periodos m\u00e1s lluviosos es posible encontrarla lejos de quebradas, probablemente en busca de nuevos sitios. Las hembras depositan entre 25 y 29 huevos marrones, cubiertos por una membrana gelatinosa clara, en el lado superior de las hojas sobre las quebradas.<\/span><\/p>\n<p class=\"MsoNormal\" style=\"text-align: justify; line-height: 150%;\"><b style=\"text-indent: 35pt;\"><span lang=\"ES-TRAD\">Estado de conservaci\u00f3n:<\/span><\/b><span lang=\"ES-TRAD\" style=\"text-indent: 35pt;\"> <i>C. heloderma<\/i> se encuentra catalogada como Vulnerable (VU) seg\u00fan la Uni\u00f3n Internacional para la Conservaci\u00f3n de la Naturaleza (UICN), esto debido a la extensi\u00f3n de ocurrencia (cinco a seis localidades), la disminuci\u00f3n continua en la extensi\u00f3n y calidad de su h\u00e1bitat. En Colombia, seg\u00fan la \u00faltima evaluaci\u00f3n realizada por la UICN en 2016 y publicada en 2019, la especie se registr\u00f3 por \u00faltima vez en 1996 y es citada como posiblemente extinta.<\/span><\/p>\n<p class=\"MsoNormal\" style=\"text-align: justify; line-height: 150%;\"><b style=\"text-indent: 36pt;\"><span lang=\"ES-TRAD\">Literatura citada:<\/span><\/b><\/p>\n<p class=\"MsoNormal\" style=\"text-align: justify; line-height: 150%; margin: 12.0pt 0cm 12.0pt 0cm;\"><span lang=\"ES-TRAD\">Duellman, W. E. 1981. Three new species of centrolenid frogs from the Pacific versant of Ecuador and Colombia. Occasional Papers of the Museum of Natural History of the University of Kansas<\/span><i> <\/i><span lang=\"ES-TRAD\">88:1-9.<\/span><\/p>\n<p class=\"MsoNormal\" style=\"margin-top: 3.6pt; text-align: justify; line-height: 150%;\"><span lang=\"ES-TRAD\">IUCN. 2019. <i>Centrolene heloderma<\/i>. The IUCN Red List of Threatened Species. Versi\u00f3n 2017-3. Base de datos electr\u00f3nica accesible en http:\/\/www.iucnredlist. org\/ species\/56692\/85871846. Acceso el 25 de febrero de 2022.<\/span><\/p>\n<\/div><\/div><\/div><\/div><\/div><\/section><section class=\"kc-elm kc_row\"><div class=\"kc-row-container  kc-container\"><div class=\"kc-wrap-columns\"><div class=\"kc-elm kc-css-783281 kc_col-sm-6 kc_column kc_col-sm-6\"><div class=\"kc-col-container\"><div class=\"kc-image-gallery kc-elm kc-css-771322\">\n<div class=\"kc_image_gallery kc-carousel-image kc-grid \">\n<div class=\"item-grid grid-4\"><img src=\"https:\/\/serraniagua.org\/anterior\/wp-content\/uploads\/2022\/04\/Pristimantis-kelephus-Hembra.jpg\" alt=\"\"\/><\/div><div class=\"item-grid grid-4\"><img src=\"https:\/\/serraniagua.org\/anterior\/wp-content\/uploads\/2022\/04\/Pritimantis-kelephus-Macho.jpg\" alt=\"\"\/><\/div><\/div>\n<\/div><\/div><\/div><div class=\"kc-elm kc-css-637843 kc_col-sm-6 kc_column kc_col-sm-6\"><div class=\"kc-col-container\"><div class=\"kc-elm kc-css-62081 kc_text_block\"><p class=\"MsoNormal\" style=\"text-align: justify; line-height: 150%;\"><b style=\"mso-bidi-font-weight: normal;\"><span lang=\"ES-TRAD\">Nombre Cient\u00edfico<\/span><\/b><span lang=\"ES-TRAD\">: <i style=\"mso-bidi-font-style: normal;\">Pristimantis kelephus <\/i>(Lynch 1998)<\/span><\/p>\n<p class=\"MsoNormal\" style=\"text-align: justify; line-height: 150%;\"><b style=\"mso-bidi-font-weight: normal;\"><span lang=\"ES-TRAD\">Nombre en Espa\u00f1ol<\/span><\/b><span lang=\"ES-TRAD\">: Rana de lluvia espinosa<\/span><\/p>\n<p class=\"MsoNormal\" style=\"text-align: justify; line-height: 150%;\"><b style=\"mso-bidi-font-weight: normal;\"><span lang=\"ES-TRAD\">Nombre en Ingl\u00e9s<\/span><\/b><span lang=\"ES-TRAD\">: Spined rain frog<\/span><\/p>\n<p class=\"MsoNormal\" style=\"text-align: justify; line-height: 150%;\"><b style=\"text-indent: 36pt;\"><span lang=\"ES-TRAD\">Distribuci\u00f3n: <\/span><\/b><span lang=\"ES-TRAD\" style=\"text-indent: 36pt;\">Fue descrita a partir de espec\u00edmenes provenientes de dos localidades dentro de la Serran\u00eda de los Paraguas: Alto de Gal\u00e1pagos y El Boquer\u00f3n.<\/span><\/p>\n<p class=\"MsoNormal\" style=\"text-align: justify; line-height: 150%;\"><b style=\"text-indent: 35pt;\"><span lang=\"ES-TRAD\">Descripci\u00f3n: <\/span><\/b><span lang=\"ES-TRAD\" style=\"text-indent: 35pt;\">La hembra es de tama\u00f1o mediano (27 &#8211; 31 mm), mientras que los machos son m\u00e1s peque\u00f1os (15 &#8211; 21 mm). Su coloraci\u00f3n varia en tonos amarillo claro a verdozo en la cabeza, a negro-morado oscuro en el cuerpo, presenta bandas de colores en la boca, y un patron moteado en el vientre, as\u00ed como una marca en forma de \u201cW\u201d justo detr\u00e1s de la cabeza y hasta la altura de los brazos. Su piel es de aspecto rugoso y presenta una protuberancia sobre sus ojos.<\/span><\/p>\n<p class=\"MsoNormal\" style=\"text-align: justify; line-height: 150%;\"><b style=\"text-indent: 35pt;\"><span lang=\"ES-TRAD\">Historia Natural: <\/span><\/b><span lang=\"ES-TRAD\" style=\"text-indent: 35pt;\">Esta especie suele encontrarse sobre la vegetaci\u00f3n a una altura entre 1-3 metros, asociada a peque\u00f1os cauces de quebradas, siempre dentro de los bosques en buen estado de conservaci\u00f3n, no suelen encontrarse fuera del bosque.<\/span><\/p>\n<p class=\"MsoNormal\" style=\"text-align: justify; line-height: 150%;\"><b style=\"text-indent: 35pt;\"><span lang=\"ES-TRAD\">Estado de conservaci\u00f3n: <\/span><\/b><i style=\"text-indent: 35pt;\"><span lang=\"ES-TRAD\">P. kelephus<\/span><\/i><span lang=\"ES-TRAD\" style=\"text-indent: 35pt;\"> se encuentra categorizada como una especie en Peligro Cr\u00edtico (CR), bajo los criterios B1ab(iii) de acuerdo con la IUCN debido a que solo es conocida en una localidad y su rango de distribuci\u00f3n es menor a 28 Km2. Adicionalmente, su h\u00e1bitat est\u00e1 en continuo deterioro debido a la actividad ganadera.<\/span><\/p>\n<p class=\"MsoNormal\" style=\"text-align: justify; line-height: 150%;\"><b style=\"text-indent: 36pt;\"><span lang=\"ES-TRAD\">Literatura citada:<\/span><\/b><\/p>\n<p class=\"MsoNormal\" style=\"margin-top: 3.6pt; text-align: justify; line-height: 150%;\"><span lang=\"ES-TRAD\">IUCN. 2017. <i style=\"mso-bidi-font-style: normal;\">Pristimantis kelephus<\/i>. The IUCN Red List of Threatened Species. Versi\u00f3n 2017-3. Base de datos electr\u00f3nica accesible en http:\/\/www.iucnredlist. org\/ species\/56692\/85871846. Acceso el 25 de febrero de 2022.<\/span><\/p>\n<p class=\"MsoNormal\" style=\"margin-top: 3.6pt; text-align: justify; line-height: 150%;\"><span lang=\"ES-TRAD\">Lynch, J. D. 1998. New species of Eleutherodactylus from the Cordillera Occidental of western Colombia with a synopsis of the distributions of species in western Colombia. Revista de la Academia Colombiana de Ciencias Exactas, F\u00edsicas y Naturales 22(82):117-148 <\/span><\/p>\n<p class=\"MsoNormal\"><a name=\"_heading=h.gjdgxs\"><\/a><span lang=\"ES-TRAD\">\u00a0<\/span><\/p>\n<\/div><\/div><\/div><\/div><\/div><\/section><section class=\"kc-elm kc-css-254869 kc_row\"><div class=\"kc-row-container  kc-container\"><div class=\"kc-wrap-columns\"><div class=\"kc-elm kc-css-355108 kc_col-sm-6 kc_column kc_col-sm-6\"><div class=\"kc-col-container\"><div class=\"kc-elm kc-css-599279 kc_shortcode kc_single_image\">\n\n        <img src=\"https:\/\/serraniagua.org\/anterior\/wp-content\/uploads\/2022\/04\/Pristimantis-phalarus-Amplexus-Hembra-y-Macho.jpg\" class=\"\" alt=\"\" \/>    <\/div>\n<\/div><\/div><div class=\"kc-elm kc-css-643866 kc_col-sm-6 kc_column kc_col-sm-6\"><div class=\"kc-col-container\"><div class=\"kc-elm kc-css-6768 kc_text_block\"><p class=\"MsoNormal\" style=\"text-align: justify; line-height: 150%;\"><b style=\"mso-bidi-font-weight: normal;\"><span lang=\"ES-TRAD\">Nombre Cient\u00edfico<\/span><\/b><span lang=\"ES-TRAD\">: <i style=\"mso-bidi-font-style: normal;\">Pristimantis phalarus <\/i>(Lynch 1998)<\/span><\/p>\n<p class=\"MsoNormal\" style=\"text-align: justify; line-height: 150%;\"><b style=\"mso-bidi-font-weight: normal;\"><span lang=\"ES-TRAD\">Nombre en Espa\u00f1ol<\/span><\/b><span lang=\"ES-TRAD\">: Rana de lluvia verrugosa<\/span><\/p>\n<p class=\"MsoNormal\" style=\"text-align: justify; line-height: 150%;\"><b style=\"mso-bidi-font-weight: normal;\"><span lang=\"ES-TRAD\">Nombre en Ingl\u00e9s<\/span><\/b><span lang=\"ES-TRAD\">: Warty rain frog<\/span><\/p>\n<p class=\"MsoNormal\" style=\"text-align: justify; line-height: 150%;\"><b style=\"text-indent: 36pt;\"><span lang=\"ES-TRAD\">Distribuci\u00f3n: <\/span><\/b><span lang=\"ES-TRAD\" style=\"text-indent: 36pt;\">Esta especie fue descrita a partir de espec\u00edmenes provenientes de dos localidades dentro de la Serran\u00eda de los Paraguas: El Boquer\u00f3n y vereda Las Amarillas.<\/span><\/p>\n<p class=\"MsoNormal\" style=\"text-align: justify; line-height: 150%;\"><b style=\"text-indent: 35pt;\"><span lang=\"ES-TRAD\">Descripci\u00f3n: <\/span><\/b><span lang=\"ES-TRAD\" style=\"text-indent: 35pt;\">Especie considerada como miniatura, en la que los machos miden de 15 a 17 mm, y las hembras de 17 a 22 mm. Su coloraci\u00f3n es verde oliva a caf\u00e9 y tiene\u00a0 un patr\u00f3n de \u201cV\u201d invertida en la garganta. Presenta un tub\u00e9rculo en forma de cono en la parte superior encima de los ojos.<\/span><\/p>\n<p class=\"MsoNormal\" style=\"text-align: justify; line-height: 150%;\"><b style=\"text-indent: 35pt;\"><span lang=\"ES-TRAD\">Historia Natural: <\/span><\/b><span lang=\"ES-TRAD\" style=\"text-indent: 35pt;\">Esta especie suele encontrarse sobre hojas entre 1 y 2 metros de altura, en bosques en estado de conservaci\u00f3n bueno y cuya cobertura vegetal es densa. Sin embargo, es posible encontrar algunos ejemplares sobre quebradas.<\/span><\/p>\n<p class=\"MsoNormal\" style=\"text-align: justify; line-height: 150%;\"><b style=\"text-indent: 35pt;\"><span lang=\"ES-TRAD\">Estado de conservaci\u00f3n: <\/span><\/b><i style=\"text-indent: 35pt;\"><span lang=\"ES-TRAD\">P. phalarus<\/span><\/i><span lang=\"ES-TRAD\" style=\"text-indent: 35pt;\"> se encuentra catalogada como En Peligro (EN), bajo los criterios B1ab(iii) de acuerdo con la IUCN debido a que su rango de distribuci\u00f3n es inferior a los 51Km2, s\u00f3lo se encuentra en dos localidades las cuales est\u00e1n en deterioro debido principalmente a la ganader\u00eda.<\/span><\/p>\n<p class=\"MsoNormal\" style=\"text-align: justify; line-height: 150%;\"><b style=\"text-indent: 36pt;\"><span lang=\"ES-TRAD\">Literatura citada:<\/span><\/b><\/p>\n<p class=\"MsoNormal\" style=\"margin-top: 3.6pt; text-align: justify; line-height: 150%;\"><span lang=\"ES-TRAD\">IUCN. 2020. <i style=\"mso-bidi-font-style: normal;\">Pristimantis phalarus<\/i>. The IUCN Red List of Threatened Species. Version 2021-2. Base de Datos Electr\u00f3nica accesible en: https:\/\/www.iucnredlist.org. Acceso el 25 de febrero de 2022.<\/span><\/p>\n<p class=\"MsoNormal\" style=\"margin-top: 3.6pt; text-align: justify; line-height: 150%;\"><span lang=\"ES-TRAD\">Lynch, J. D. 1998. New species of Eleutherodactylus from the Cordillera Occidental of western Colombia with a synopsis of the distributions of species in western Colombia. Revista de la Academia Colombiana de Ciencias Exactas, F\u00edsicas y Naturales 22(82):117-148 <\/span><\/p>\n<p class=\"MsoNormal\"><a name=\"_heading=h.gjdgxs\"><\/a><span lang=\"ES-TRAD\">\u00a0<\/span><\/p>\n<\/div><\/div><\/div><\/div><\/div><\/section><section class=\"kc-elm kc-css-98172 kc_row\"><div class=\"kc-row-container  kc-container\"><div class=\"kc-wrap-columns\"><div class=\"kc-elm kc-css-313358 kc_col-sm-6 kc_column kc_col-sm-6\"><div class=\"kc-col-container\"><div class=\"kc-elm kc-css-787552 kc_shortcode kc_single_image\">\n\n        <img src=\"https:\/\/serraniagua.org\/anterior\/wp-content\/uploads\/2022\/04\/Pristimantis-ptochus-Macho.jpg\" class=\"\" alt=\"\" \/>    <\/div>\n\n\t<div class=\"kc-elm kc-css-784511 kc_shortcode kc_video_play kc_video_wrapper\" data-video=\"https:\/\/www.youtube.com\/watch?v=kFANGxXh6Fw\" data-width=\"600\" data-height=\"338.98305084746\" data-fullwidth=\"\" data-autoplay=\"\" data-loop=\"yes\" data-control=\"yes\" data-related=\"no\" data-showinfo=\"no\" data-kc-video-mute=\"no\">\n\t\t\t<\/div>\n\n<\/div><\/div><div class=\"kc-elm kc-css-19787 kc_col-sm-6 kc_column kc_col-sm-6\"><div class=\"kc-col-container\"><div class=\"kc-elm kc-css-96582 kc_text_block\"><p class=\"MsoNormal\" style=\"text-align: justify; line-height: 150%;\"><b style=\"mso-bidi-font-weight: normal;\"><span lang=\"ES-TRAD\">Nombre Cient\u00edfico<\/span><\/b><span lang=\"ES-TRAD\">: <i style=\"mso-bidi-font-style: normal;\">Pristimantis ptochus <\/i>(Lynch 1998)<\/span><\/p>\n<p class=\"MsoNormal\" style=\"text-align: justify; line-height: 150%;\"><b style=\"mso-bidi-font-weight: normal;\"><span lang=\"ES-TRAD\">Nombre en Espa\u00f1ol<\/span><\/b><span lang=\"ES-TRAD\">: Rana duende <\/span><\/p>\n<p class=\"MsoNormal\" style=\"text-align: justify; line-height: 150%;\"><b style=\"mso-bidi-font-weight: normal;\"><span lang=\"ES-TRAD\">Nombre en Ingl\u00e9s<\/span><\/b><span lang=\"ES-TRAD\">: Rain frog<\/span><\/p>\n<p class=\"MsoNormal\" style=\"text-align: justify; line-height: 150%;\"><b style=\"text-indent: 36pt;\"><span lang=\"ES-TRAD\">Distribuci\u00f3n:<\/span><\/b><span lang=\"ES-TRAD\" style=\"text-indent: 36pt;\"> Esta especie fue descrita a partir de espec\u00edmenes provenientes de dos localidades dentro de la Serran\u00eda de los Paraguas: El Boquer\u00f3n y una localidad desconocida aproximadamente a 25 km del cementerio del Cairo.<\/span><\/p>\n<p class=\"MsoNormal\" style=\"text-align: justify; line-height: 150%;\"><b style=\"text-indent: 35pt;\"><span lang=\"ES-TRAD\">Descripci\u00f3n:<\/span><\/b><span lang=\"ES-TRAD\" style=\"text-indent: 35pt;\"> En esta especie los machos tienen un tama\u00f1o que var\u00eda entre 16 y 19 mm, mientras que las hembras entre 20 y 24 mm. Es de color caf\u00e9 p\u00e1lido en el dorso y marcas oscuras. Presenta bandas que atraviesan los labios desde los ojos hacia la boca, una banda a lo largo del cuerpo desde la cabeza hacia los muslos y una banda encima de la cabeza entre los dos ojos.<\/span><\/p>\n<p class=\"MsoNormal\" style=\"text-align: justify; line-height: 150%;\"><b style=\"text-indent: 35pt;\"><span lang=\"ES-TRAD\">Historia Natural:<\/span><\/b><span lang=\"ES-TRAD\" style=\"text-indent: 35pt;\"> Es una especie que de acuerdo a su descripci\u00f3n original fluct\u00faa en abundancia a trav\u00e9s del tiempo, dado que se encuentra abundantemente en algunas \u00e9pocas del a\u00f1o y en otras es apenas registrado. Se ha registrado tanto asociado a quebradas como en zonas de interior de bosque.<\/span><\/p>\n<p class=\"MsoNormal\" style=\"text-align: justify; line-height: 150%;\"><b style=\"text-indent: 35pt;\"><span lang=\"ES-TRAD\">Estado de conservaci\u00f3n:<\/span><\/b><span lang=\"ES-TRAD\" style=\"text-indent: 35pt;\"> <i>P. ptochus<\/i> se encuentra catalogado como En Peligro (EN), bajo los criterios B1ab(iii) de acuerdo con la IUCN debido a que su rango de distribuci\u00f3n es inferior a los 1235 Km2, se distribuye en tres a cinco localidades que est\u00e1n amenazadas debido al deterioro de su habitar por la actividad ganadera.<\/span><\/p>\n<p class=\"MsoNormal\" style=\"text-align: justify; line-height: 150%;\"><b style=\"text-indent: 36pt;\"><span lang=\"ES-TRAD\">Literatura citada:<\/span><\/b><\/p>\n<p class=\"MsoNormal\" style=\"margin-top: 3.6pt; text-align: justify; line-height: 150%;\"><span lang=\"ES-TRAD\">IUCN. 2019. <i style=\"mso-bidi-font-style: normal;\">Pristimantis ptochus<\/i>. The IUCN Red List of Threatened Species. Version 2021-2. Base de Datos Electr\u00f3nica accesible en: https:\/\/www.iucnredlist.org. Acceso el 25 de febrero de 2022.<\/span><\/p>\n<p class=\"MsoNormal\" style=\"margin-top: 3.6pt; text-align: justify; line-height: 150%;\"><span lang=\"ES-TRAD\">Lynch, J. D. 1998. New species of Eleutherodactylus from the Cordillera Occidental of western Colombia with a synopsis of the distributions of species in western Colombia. Revista de la Academia Colombiana de Ciencias Exactas, F\u00edsicas y Naturales 22(82):117-148 <\/span><\/p>\n<p class=\"MsoNormal\"><span lang=\"ES-TRAD\">\u00a0<\/span><\/p>\n<\/div><\/div><\/div><\/div><\/div><\/section>\n","protected":false},"excerpt":{"rendered":"","protected":false},"author":4,"featured_media":0,"parent":1306,"menu_order":0,"comment_status":"closed","ping_status":"closed","template":"","meta":[],"yoast_head":"<!-- This site is optimized with the Yoast SEO plugin v20.6 - https:\/\/yoast.com\/wordpress\/plugins\/seo\/ -->\n<title>Gu\u00eda digital de anfibios amenazados de la Reserva Natural Comunitaria Cerro El Ingl\u00e9s - Serraniagua<\/title>\n<meta name=\"robots\" content=\"noindex, follow, max-snippet:-1, max-image-preview:large, max-video-preview:-1\" \/>\n<meta property=\"og:locale\" content=\"es_ES\" \/>\n<meta property=\"og:type\" content=\"article\" \/>\n<meta property=\"og:title\" content=\"Gu\u00eda digital de anfibios amenazados de la Reserva Natural Comunitaria Cerro El Ingl\u00e9s - Serraniagua\" \/>\n<meta property=\"og:description\" content=\"Los anfibios son uno de los grupos de vertebrados m\u00e1s amenazados del planeta, la degradaci\u00f3n y perdida de los bosques como consecuencia de la agricultura y el cambio clim\u00e1tico, los\" \/>\n<meta property=\"og:url\" content=\"https:\/\/serraniagua.org\/anterior\/?page_id=2133\" \/>\n<meta property=\"og:site_name\" content=\"Serraniagua\" \/>\n<meta property=\"article:publisher\" content=\"https:\/\/www.facebook.com\/Serraniagua\" \/>\n<meta property=\"article:modified_time\" content=\"2022-06-25T16:38:59+00:00\" \/>\n<meta property=\"og:image\" content=\"https:\/\/serraniagua.org\/anterior\/wp-content\/uploads\/2022\/04\/Centrolene-heloderma-Macho-1-scaled.jpg\" \/>\n<meta name=\"twitter:card\" content=\"summary_large_image\" \/>\n<meta name=\"twitter:site\" content=\"@Serraniagua\" \/>\n<meta name=\"twitter:label1\" content=\"Tiempo estimado de lectura\" \/>\n\t<meta name=\"twitter:data1\" content=\"7 minutos\" \/>\n<script type=\"application\/ld+json\" class=\"yoast-schema-graph\">{\"@context\":\"https:\/\/schema.org\",\"@graph\":[{\"@type\":\"WebPage\",\"@id\":\"https:\/\/serraniagua.org\/anterior\/?page_id=2133\",\"url\":\"https:\/\/serraniagua.org\/anterior\/?page_id=2133\",\"name\":\"Gu\u00eda digital de anfibios amenazados de la Reserva Natural Comunitaria Cerro El Ingl\u00e9s - Serraniagua\",\"isPartOf\":{\"@id\":\"https:\/\/serraniagua.org\/anterior\/#website\"},\"datePublished\":\"2022-04-13T20:33:05+00:00\",\"dateModified\":\"2022-06-25T16:38:59+00:00\",\"breadcrumb\":{\"@id\":\"https:\/\/serraniagua.org\/anterior\/?page_id=2133#breadcrumb\"},\"inLanguage\":\"es-CO\",\"potentialAction\":[{\"@type\":\"ReadAction\",\"target\":[\"https:\/\/serraniagua.org\/anterior\/?page_id=2133\"]}]},{\"@type\":\"BreadcrumbList\",\"@id\":\"https:\/\/serraniagua.org\/anterior\/?page_id=2133#breadcrumb\",\"itemListElement\":[{\"@type\":\"ListItem\",\"position\":1,\"name\":\"Inicio\",\"item\":\"https:\/\/serraniagua.org\/anterior\/\"},{\"@type\":\"ListItem\",\"position\":2,\"name\":\"Reserva Natural Comunitaria Cerro El Ingl\u00e9s\",\"item\":\"https:\/\/serraniagua.org\/anterior\/?page_id=1306\"},{\"@type\":\"ListItem\",\"position\":3,\"name\":\"Gu\u00eda digital de anfibios amenazados de la Reserva Natural Comunitaria Cerro El Ingl\u00e9s\"}]},{\"@type\":\"WebSite\",\"@id\":\"https:\/\/serraniagua.org\/anterior\/#website\",\"url\":\"https:\/\/serraniagua.org\/anterior\/\",\"name\":\"Serraniagua\",\"description\":\"Organizaci\u00f3n Ambiental Comunitaria\",\"publisher\":{\"@id\":\"https:\/\/serraniagua.org\/anterior\/#organization\"},\"potentialAction\":[{\"@type\":\"SearchAction\",\"target\":{\"@type\":\"EntryPoint\",\"urlTemplate\":\"https:\/\/serraniagua.org\/anterior\/?s={search_term_string}\"},\"query-input\":\"required name=search_term_string\"}],\"inLanguage\":\"es-CO\"},{\"@type\":\"Organization\",\"@id\":\"https:\/\/serraniagua.org\/anterior\/#organization\",\"name\":\"Serraniagua\",\"url\":\"https:\/\/serraniagua.org\/anterior\/\",\"logo\":{\"@type\":\"ImageObject\",\"inLanguage\":\"es-CO\",\"@id\":\"https:\/\/serraniagua.org\/anterior\/#\/schema\/logo\/image\/\",\"url\":\"https:\/\/serraniagua.org\/anterior\/wp-content\/uploads\/2021\/02\/logo_footer_color.png\",\"contentUrl\":\"https:\/\/serraniagua.org\/anterior\/wp-content\/uploads\/2021\/02\/logo_footer_color.png\",\"width\":224,\"height\":86,\"caption\":\"Serraniagua\"},\"image\":{\"@id\":\"https:\/\/serraniagua.org\/anterior\/#\/schema\/logo\/image\/\"},\"sameAs\":[\"https:\/\/www.facebook.com\/Serraniagua\",\"https:\/\/twitter.com\/Serraniagua\",\"https:\/\/www.instagram.com\/serraniagua_org\/\"]}]}<\/script>\n<!-- \/ Yoast SEO plugin. -->","yoast_head_json":{"title":"Gu\u00eda digital de anfibios amenazados de la Reserva Natural Comunitaria Cerro El Ingl\u00e9s - Serraniagua","robots":{"index":"noindex","follow":"follow","max-snippet":"max-snippet:-1","max-image-preview":"max-image-preview:large","max-video-preview":"max-video-preview:-1"},"og_locale":"es_ES","og_type":"article","og_title":"Gu\u00eda digital de anfibios amenazados de la Reserva Natural Comunitaria Cerro El Ingl\u00e9s - Serraniagua","og_description":"Los anfibios son uno de los grupos de vertebrados m\u00e1s amenazados del planeta, la degradaci\u00f3n y perdida de los bosques como consecuencia de la agricultura y el cambio clim\u00e1tico, los","og_url":"https:\/\/serraniagua.org\/anterior\/?page_id=2133","og_site_name":"Serraniagua","article_publisher":"https:\/\/www.facebook.com\/Serraniagua","article_modified_time":"2022-06-25T16:38:59+00:00","og_image":[{"url":"https:\/\/serraniagua.org\/anterior\/wp-content\/uploads\/2022\/04\/Centrolene-heloderma-Macho-1-scaled.jpg"}],"twitter_card":"summary_large_image","twitter_site":"@Serraniagua","twitter_misc":{"Tiempo estimado de lectura":"7 minutos"},"schema":{"@context":"https:\/\/schema.org","@graph":[{"@type":"WebPage","@id":"https:\/\/serraniagua.org\/anterior\/?page_id=2133","url":"https:\/\/serraniagua.org\/anterior\/?page_id=2133","name":"Gu\u00eda digital de anfibios amenazados de la Reserva Natural Comunitaria Cerro El Ingl\u00e9s - Serraniagua","isPartOf":{"@id":"https:\/\/serraniagua.org\/anterior\/#website"},"datePublished":"2022-04-13T20:33:05+00:00","dateModified":"2022-06-25T16:38:59+00:00","breadcrumb":{"@id":"https:\/\/serraniagua.org\/anterior\/?page_id=2133#breadcrumb"},"inLanguage":"es-CO","potentialAction":[{"@type":"ReadAction","target":["https:\/\/serraniagua.org\/anterior\/?page_id=2133"]}]},{"@type":"BreadcrumbList","@id":"https:\/\/serraniagua.org\/anterior\/?page_id=2133#breadcrumb","itemListElement":[{"@type":"ListItem","position":1,"name":"Inicio","item":"https:\/\/serraniagua.org\/anterior\/"},{"@type":"ListItem","position":2,"name":"Reserva Natural Comunitaria Cerro El Ingl\u00e9s","item":"https:\/\/serraniagua.org\/anterior\/?page_id=1306"},{"@type":"ListItem","position":3,"name":"Gu\u00eda digital de anfibios amenazados de la Reserva Natural Comunitaria Cerro El Ingl\u00e9s"}]},{"@type":"WebSite","@id":"https:\/\/serraniagua.org\/anterior\/#website","url":"https:\/\/serraniagua.org\/anterior\/","name":"Serraniagua","description":"Organizaci\u00f3n Ambiental Comunitaria","publisher":{"@id":"https:\/\/serraniagua.org\/anterior\/#organization"},"potentialAction":[{"@type":"SearchAction","target":{"@type":"EntryPoint","urlTemplate":"https:\/\/serraniagua.org\/anterior\/?s={search_term_string}"},"query-input":"required name=search_term_string"}],"inLanguage":"es-CO"},{"@type":"Organization","@id":"https:\/\/serraniagua.org\/anterior\/#organization","name":"Serraniagua","url":"https:\/\/serraniagua.org\/anterior\/","logo":{"@type":"ImageObject","inLanguage":"es-CO","@id":"https:\/\/serraniagua.org\/anterior\/#\/schema\/logo\/image\/","url":"https:\/\/serraniagua.org\/anterior\/wp-content\/uploads\/2021\/02\/logo_footer_color.png","contentUrl":"https:\/\/serraniagua.org\/anterior\/wp-content\/uploads\/2021\/02\/logo_footer_color.png","width":224,"height":86,"caption":"Serraniagua"},"image":{"@id":"https:\/\/serraniagua.org\/anterior\/#\/schema\/logo\/image\/"},"sameAs":["https:\/\/www.facebook.com\/Serraniagua","https:\/\/twitter.com\/Serraniagua","https:\/\/www.instagram.com\/serraniagua_org\/"]}]}},"_links":{"self":[{"href":"https:\/\/serraniagua.org\/anterior\/index.php?rest_route=\/wp\/v2\/pages\/2133"}],"collection":[{"href":"https:\/\/serraniagua.org\/anterior\/index.php?rest_route=\/wp\/v2\/pages"}],"about":[{"href":"https:\/\/serraniagua.org\/anterior\/index.php?rest_route=\/wp\/v2\/types\/page"}],"author":[{"embeddable":true,"href":"https:\/\/serraniagua.org\/anterior\/index.php?rest_route=\/wp\/v2\/users\/4"}],"replies":[{"embeddable":true,"href":"https:\/\/serraniagua.org\/anterior\/index.php?rest_route=%2Fwp%2Fv2%2Fcomments&post=2133"}],"version-history":[{"count":5,"href":"https:\/\/serraniagua.org\/anterior\/index.php?rest_route=\/wp\/v2\/pages\/2133\/revisions"}],"predecessor-version":[{"id":2155,"href":"https:\/\/serraniagua.org\/anterior\/index.php?rest_route=\/wp\/v2\/pages\/2133\/revisions\/2155"}],"up":[{"embeddable":true,"href":"https:\/\/serraniagua.org\/anterior\/index.php?rest_route=\/wp\/v2\/pages\/1306"}],"wp:attachment":[{"href":"https:\/\/serraniagua.org\/anterior\/index.php?rest_route=%2Fwp%2Fv2%2Fmedia&parent=2133"}],"curies":[{"name":"wp","href":"https:\/\/api.w.org\/{rel}","templated":true}]}}