{"id":1819,"date":"2021-03-10T19:57:52","date_gmt":"2021-03-11T00:57:52","guid":{"rendered":"https:\/\/serraniagua.org\/anterior\/?page_id=1819"},"modified":"2022-08-31T10:24:49","modified_gmt":"2022-08-31T15:24:49","slug":"1819-2","status":"publish","type":"page","link":"https:\/\/serraniagua.org\/anterior\/?page_id=1819","title":{"rendered":"Nuestro Equipo y voluntariado"},"content":{"rendered":"<section data-kc-fullwidth=\"row\" class=\"kc-elm kc-css-66007 kc_row\"><div class=\"kc-row-container  kc-container\"><div class=\"kc-wrap-columns\"><div class=\"kc-elm kc-css-69812 kc_col-sm-3 kc_column kc_col-sm-3\"><div class=\"kc-col-container\"><div class=\"kc-elm kc-css-866312 kc_row kc_row_inner\"><div class=\"kc-elm kc-css-70303 kc_col-sm-12 kc_column_inner kc_col-sm-12\"><div class=\"kc_wrapper kc-col-inner-container\"><div class=\"kc-elm kc-css-822554 kc_row kc_row_inner\"><div class=\"kc-elm kc-css-130713 kc_col-sm-12 kc_column_inner kc_col-sm-12\"><div class=\"kc_wrapper kc-col-inner-container\"><div class=\"kc-elm kc-css-833966 kc_shortcode kc_single_image\">\n\n        <img src=\"https:\/\/serraniagua.org\/anterior\/wp-content\/uploads\/2022\/07\/20220326_095335m.png\" class=\"\" alt=\"\" \/>    <\/div>\n<\/div><\/div><\/div><div class=\"kc-elm kc-css-798731 kc_row kc_row_inner\"><div class=\"kc-elm kc-css-925014 kc_col-sm-12 kc_column_inner kc_col-sm-12\"><div class=\"kc_wrapper kc-col-inner-container\"><div class=\"kc-elm kc-css-956166 kc_text_block\"><h2 style=\"margin: 0px 0px; padding: 0px; color: #93c83d; font-family: &#039;Open Sans&#039;, Arial, sans-serif; font-size: 14px; text-align: left; font-weight: bold;\">Adriana Giraldo\u00a0<\/h2>\n<p><span style=\"margin: 0px 0px; padding: 0px; color: #ffffff; font-family: &#039;Open Sans&#039;, Arial, sans-serif; font-size: 14px; text-align: left; font-weight: bold;\">Presidenta del consejo directivo<\/span><\/p>\n<\/div><\/div><\/div><\/div><div class=\"kc-elm kc-css-315238 kc_row kc_row_inner\"><div class=\"kc-elm kc-css-434271 kc_col-sm-12 kc_column_inner kc_col-sm-12\"><div class=\"kc_wrapper kc-col-inner-container\"><div class=\"kc-elm kc-css-509786 kc_text_block\"><p style=\"margin: 0px 0px 15px; padding: 0px; color: #f6f6f6; font-family: 'Open Sans', Arial, sans-serif; font-size: 14px; text-align: left;\">Integrante Red de Mujeres Campesinas de la Serran\u00eda<\/p>\n<\/div><\/div><\/div><\/div><\/div><\/div><\/div><\/div><\/div><div class=\"kc-elm kc-css-942341 kc_col-sm-3 kc_column kc_col-sm-3\"><div class=\"kc-col-container\"><div class=\"kc-elm kc-css-101338 kc_row kc_row_inner\"><div class=\"kc-elm kc-css-765382 kc_col-sm-12 kc_column_inner kc_col-sm-12\"><div class=\"kc_wrapper kc-col-inner-container\"><div class=\"kc-elm kc-css-699310 kc_row kc_row_inner\"><div class=\"kc-elm kc-css-780838 kc_col-sm-12 kc_column_inner kc_col-sm-12\"><div class=\"kc_wrapper kc-col-inner-container\"><div class=\"kc-elm kc-css-425496 kc_shortcode kc_single_image\">\n\n        <img src=\"https:\/\/serraniagua.org\/anterior\/wp-content\/uploads\/2021\/06\/cesar_1.jpg\" class=\"\" alt=\"\" \/>    <\/div>\n<\/div><\/div><\/div><div class=\"kc-elm kc-css-657218 kc_row kc_row_inner\"><div class=\"kc-elm kc-css-980644 kc_col-sm-12 kc_column_inner kc_col-sm-12\"><div class=\"kc_wrapper kc-col-inner-container\"><div class=\"kc-elm kc-css-165077 kc_text_block\"><h2 style=\"margin: 0px 0px; padding: 0px; color: #93c83d; font-family: &#039;Open Sans&#039;, Arial, sans-serif; font-size: 14px; text-align: left; font-weight: bold;\">C\u00e9sar Antonio Franco Laverde<\/h2>\n<p><span style=\"margin: 0px 0px; padding: 0px; color: #ffffff; font-family: &#039;Open Sans&#039;, Arial, sans-serif; font-size: 14px; text-align: left; font-weight: bold;\">Coordinador de alianzas y proyectos<\/span><\/p>\n<\/div><\/div><\/div><\/div><div class=\"kc-elm kc-css-393951 kc_row kc_row_inner\"><div class=\"kc-elm kc-css-481695 kc_col-sm-12 kc_column_inner kc_col-sm-12\"><div class=\"kc_wrapper kc-col-inner-container\"><div class=\"kc-elm kc-css-542533 kc_text_block\"><p style=\"margin: 0px 0px 15px; padding: 0px; color: #f6f6f6; font-family: &#039;Open Sans&#039;, Arial, sans-serif; font-size: 14px; text-align: left;\">Asociado fundador de Serraniagua, actual miembro del Consejo Directivo y productor de caf\u00e9 org\u00e1nico en la Reserva Natural Mi Cafetal. Particip\u00f3 en la Expedici\u00f3n BIOPAC\u00cdFICO a la Serran\u00eda de los Paraguas (1995).<\/p>\n<p style=\"margin: 0px 0px 15px; padding: 0px; color: #f6f6f6; font-family: &#039;Open Sans&#039;, Arial, sans-serif; font-size: 14px; text-align: left;\">Reconocido como H\u00e9roe Mundial por la conservaci\u00f3n de ecosistemas cr\u00edticos por la biodiversidad amenazada, entregado por el CEPF en el marco del Congreso Mundial de la IUCN &#8211; Hawaii 2016.<\/p>\n<\/div><\/div><\/div><\/div><\/div><\/div><\/div><\/div><\/div><div class=\"kc-elm kc-css-194576 kc_col-sm-3 kc_column kc_col-sm-3\"><div class=\"kc-col-container\"><div class=\"kc-elm kc-css-53215 kc_row kc_row_inner\"><div class=\"kc-elm kc-css-130676 kc_col-sm-12 kc_column_inner kc_col-sm-12\"><div class=\"kc_wrapper kc-col-inner-container\"><div class=\"kc-elm kc-css-922258 kc_row kc_row_inner\"><div class=\"kc-elm kc-css-867367 kc_col-sm-12 kc_column_inner kc_col-sm-12\"><div class=\"kc_wrapper kc-col-inner-container\"><div class=\"kc-elm kc-css-937170 kc_shortcode kc_single_image\">\n\n        <img src=\"https:\/\/serraniagua.org\/anterior\/wp-content\/uploads\/2021\/06\/angela_1.jpg\" class=\"\" alt=\"\" \/>    <\/div>\n<\/div><\/div><\/div><div class=\"kc-elm kc-css-4342 kc_row kc_row_inner\"><div class=\"kc-elm kc-css-587243 kc_col-sm-12 kc_column_inner kc_col-sm-12\"><div class=\"kc_wrapper kc-col-inner-container\"><div class=\"kc-elm kc-css-971891 kc_text_block\"><h2 style=\"margin: 0px 0px; padding: 0px; color: #93c83d; font-family: &#039;Open Sans&#039;, Arial, sans-serif; font-size: 14px; text-align: left; font-weight: bold;\">\u00c1ngela Mar\u00eda Montenegro Vera<\/h2>\n<p><span style=\"margin: 0px 0px; padding: 0px; color: #ffffff; font-family: &#039;Open Sans&#039;, Arial, sans-serif; font-size: 14px; text-align: left; font-weight: bold;\">Coordinaci\u00f3n administrativa y representante legal<\/span><\/p>\n<\/div><\/div><\/div><\/div><div class=\"kc-elm kc-css-646276 kc_row kc_row_inner\"><div class=\"kc-elm kc-css-982939 kc_col-sm-12 kc_column_inner kc_col-sm-12\"><div class=\"kc_wrapper kc-col-inner-container\"><div class=\"kc-elm kc-css-658899 kc_text_block\"><p style=\"margin: 0px 0px 15px; padding: 0px; color: #f6f6f6; font-family: &#039;Open Sans&#039;, Arial, sans-serif; font-size: 14px; text-align: left;\">Coordinadora Administrativa y Social. Apasionada de la vida natural, simple y musical. Cree firmemente en que podemos construir un mundo donde nos alimentemos y alimentemos a los dem\u00e1s sanamente, en conocimiento, en valores, en sentimientos, en comida, y en esp\u00edritu. Hace parte de la Red de Mujeres campesinas de la Serran\u00eda, y participa en la realizaci\u00f3n del programa de Radio Comunitaria \u201cDe Mujer a Mujer\u201d.<\/p>\n<\/div><\/div><\/div><\/div><\/div><\/div><\/div><\/div><\/div><div class=\"kc-elm kc-css-653343 kc_col-sm-3 kc_column kc_col-sm-3\"><div class=\"kc-col-container\"><div class=\"kc-elm kc-css-201797 kc_row kc_row_inner\"><div class=\"kc-elm kc-css-756663 kc_col-sm-12 kc_column_inner kc_col-sm-12\"><div class=\"kc_wrapper kc-col-inner-container\"><div class=\"kc-elm kc-css-104505 kc_row kc_row_inner\"><div class=\"kc-elm kc-css-233797 kc_col-sm-12 kc_column_inner kc_col-sm-12\"><div class=\"kc_wrapper kc-col-inner-container\"><div class=\"kc-elm kc-css-253869 kc_shortcode kc_single_image\">\n\n        <img src=\"https:\/\/serraniagua.org\/anterior\/wp-content\/uploads\/2021\/06\/harrison_1.png\" class=\"\" alt=\"\" \/>    <\/div>\n<\/div><\/div><\/div><div class=\"kc-elm kc-css-865886 kc_row kc_row_inner\"><div class=\"kc-elm kc-css-345475 kc_col-sm-12 kc_column_inner kc_col-sm-12\"><div class=\"kc_wrapper kc-col-inner-container\"><div class=\"kc-elm kc-css-329116 kc_text_block\"><h2 style=\"color: #93c83d; padding: 0px; font-family: &#039;Open Sans&#039;, Arial, sans-serif;\">Harrison Casta\u00f1o Perico<\/h2>\n<div><span style=\"color: #ffffff; font-family: &#039;Open Sans&#039;, Arial, sans-serif; font-weight: bold;\">Auxiliar contable y administrativo<\/span><\/div>\n<\/div><\/div><\/div><\/div><div class=\"kc-elm kc-css-18266 kc_row kc_row_inner\"><div class=\"kc-elm kc-css-997968 kc_col-sm-12 kc_column_inner kc_col-sm-12\"><div class=\"kc_wrapper kc-col-inner-container\"><div class=\"kc-elm kc-css-84226 kc_text_block\"><p style=\"margin: 0px 0px 15px; padding: 0px; color: #f6f6f6; font-family: &#039;Open Sans&#039;, Arial, sans-serif; font-size: 14px; text-align: left;\">Le gusta mucho la agricultura familiar campesina, dispuesto a ayudarles siempre mediante el proceso de voluntario, esto, sin dejar a un lado su participacion como voluntario en el Mercado Campesino.<br \/>Le apasiona ayudar en el Caf\u00e9 Comam y aprender sobre todos los procesos derivados del caf\u00e9.<br \/>Le encanta conocer y aprender sobre su territorio y una de sus formas favoritas para hacerlo es a trav\u00e9s del avistamiento de aves.<\/p>\n<\/div><\/div><\/div><\/div><\/div><\/div><\/div><\/div><\/div><\/div><\/div><\/section><section data-kc-fullwidth=\"row\" class=\"kc-elm kc-css-934345 kc_row\"><div class=\"kc-row-container  kc-container\"><div class=\"kc-wrap-columns\"><div class=\"kc-elm kc-css-247924 kc_col-sm-3 kc_column kc_col-sm-3\"><div class=\"kc-col-container\"><div class=\"kc-elm kc-css-701082 kc_row kc_row_inner\"><div class=\"kc-elm kc-css-217275 kc_col-sm-12 kc_column_inner kc_col-sm-12\"><div class=\"kc_wrapper kc-col-inner-container\"><div class=\"kc-elm kc-css-841947 kc_row kc_row_inner\"><div class=\"kc-elm kc-css-743024 kc_col-sm-12 kc_column_inner kc_col-sm-12\"><div class=\"kc_wrapper kc-col-inner-container\"><div class=\"kc-elm kc-css-858798 kc_shortcode kc_single_image\">\n\n        <img src=\"https:\/\/serraniagua.org\/anterior\/wp-content\/uploads\/2021\/06\/cristhian_2.jpg\" class=\"\" alt=\"\" \/>    <\/div>\n<\/div><\/div><\/div><div class=\"kc-elm kc-css-119054 kc_row kc_row_inner\"><div class=\"kc-elm kc-css-466685 kc_col-sm-12 kc_column_inner kc_col-sm-12\"><div class=\"kc_wrapper kc-col-inner-container\"><div class=\"kc-elm kc-css-853535 kc_text_block\"><h2 style=\"margin: 0px 0px; padding: 0px; color: #93c83d; font-family: &#039;Open Sans&#039;, Arial, sans-serif; font-size: 14px; text-align: left; font-weight: bold;\">Cristhian Cardona Giraldo<\/h2>\n<p><span style=\"margin: 0px 0px; padding: 0px; color: #ffffff; font-family: &#039;Open Sans&#039;, Arial, sans-serif; font-size: 14px; text-align: left; font-weight: bold;\">Coordinaci\u00f3n de iniciativas de conservaci\u00f3n comunitaria &#038; Grupo de Monitoreo<\/span><\/p>\n<\/div><\/div><\/div><\/div><div class=\"kc-elm kc-css-265126 kc_row kc_row_inner\"><div class=\"kc-elm kc-css-257386 kc_col-sm-12 kc_column_inner kc_col-sm-12\"><div class=\"kc_wrapper kc-col-inner-container\"><div class=\"kc-elm kc-css-112134 kc_text_block\"><p style=\"margin: 0px 0px 15px; padding: 0px; color: #f6f6f6; font-family: &#039;Open Sans&#039;, Arial, sans-serif; font-size: 14px; text-align: left;\">Facilitador comunitario para temas de \u00e1reas protegidas, recursos naturales y ordenamiento territorial.<\/p>\n<\/div><\/div><\/div><\/div><\/div><\/div><\/div><\/div><\/div><div class=\"kc-elm kc-css-986309 kc_col-sm-3 kc_column kc_col-sm-3\"><div class=\"kc-col-container\"><div class=\"kc-elm kc-css-965867 kc_row kc_row_inner\"><div class=\"kc-elm kc-css-915848 kc_col-sm-12 kc_column_inner kc_col-sm-12\"><div class=\"kc_wrapper kc-col-inner-container\"><div class=\"kc-elm kc-css-96449 kc_row kc_row_inner\"><div class=\"kc-elm kc-css-839474 kc_col-sm-12 kc_column_inner kc_col-sm-12\"><div class=\"kc_wrapper kc-col-inner-container\"><div class=\"kc-elm kc-css-851762 kc_shortcode kc_single_image\">\n\n        <img src=\"https:\/\/serraniagua.org\/anterior\/wp-content\/uploads\/2021\/06\/andrea.jpg\" class=\"\" alt=\"\" \/>    <\/div>\n<\/div><\/div><\/div><div class=\"kc-elm kc-css-738973 kc_row kc_row_inner\"><div class=\"kc-elm kc-css-867831 kc_col-sm-12 kc_column_inner kc_col-sm-12\"><div class=\"kc_wrapper kc-col-inner-container\"><div class=\"kc-elm kc-css-627212 kc_text_block\"><h2 style=\"margin: 0px 0px; padding: 0px; color: #93c83d; font-family: &#039;Open Sans&#039;, Arial, sans-serif; font-size: 14px; text-align: left; font-weight: bold;\">Andrea Pinto<\/h2>\n<p><span style=\"margin: 0px 0px; padding: 0px; color: #ffffff; font-family: &#039;Open Sans&#039;, Arial, sans-serif; font-size: 14px; text-align: left; font-weight: bold;\">Coordinadora Proyecto de Agroecolog\u00eda<\/span><\/p>\n<\/div><\/div><\/div><\/div><div class=\"kc-elm kc-css-833729 kc_row kc_row_inner\"><div class=\"kc-elm kc-css-806950 kc_col-sm-12 kc_column_inner kc_col-sm-12\"><div class=\"kc_wrapper kc-col-inner-container\"><div class=\"kc-elm kc-css-946984 kc_text_block\"><p style=\"margin: 0px 0px 15px; padding: 0px; color: #f6f6f6; font-family: &#039;Open Sans&#039;, Arial, sans-serif; font-size: 14px; text-align: left;\">Se interesa por el fortalecimiento de la gesti\u00f3n territorial aut\u00f3noma. Direcciona su esfuerzos en promover iniciativas de soberan\u00eda alimentaria, econom\u00edas solidarias y el cuidado de la biodiversidad.<br \/>Administradora de Empresas Tur\u00edsticas con enfoque en turismo rural, y t\u00e9cnica en producci\u00f3n agr\u00edcola.<\/p>\n<\/div><\/div><\/div><\/div><\/div><\/div><\/div><\/div><\/div><div class=\"kc-elm kc-css-671000 kc_col-sm-3 kc_column kc_col-sm-3\"><div class=\"kc-col-container\"><div class=\"kc-elm kc-css-173594 kc_row kc_row_inner\"><div class=\"kc-elm kc-css-402989 kc_col-sm-12 kc_column_inner kc_col-sm-12\"><div class=\"kc_wrapper kc-col-inner-container\"><div class=\"kc-elm kc-css-896232 kc_row kc_row_inner\"><div class=\"kc-elm kc-css-688767 kc_col-sm-12 kc_column_inner kc_col-sm-12\"><div class=\"kc_wrapper kc-col-inner-container\"><div class=\"kc-elm kc-css-922471 kc_shortcode kc_single_image\">\n\n        <img src=\"https:\/\/serraniagua.org\/anterior\/wp-content\/uploads\/2021\/06\/camila_1.jpg\" class=\"\" alt=\"\" \/>    <\/div>\n<\/div><\/div><\/div><div class=\"kc-elm kc-css-142432 kc_row kc_row_inner\"><div class=\"kc-elm kc-css-291663 kc_col-sm-12 kc_column_inner kc_col-sm-12\"><div class=\"kc_wrapper kc-col-inner-container\"><div class=\"kc-elm kc-css-522822 kc_text_block\"><h2 style=\"margin: 0px 0px; padding: 0px; color: #93c83d; font-family: &#039;Open Sans&#039;, Arial, sans-serif; font-size: 14px; text-align: left; font-weight: bold;\">Camila Montoya<\/h2>\n<p><span style=\"margin: 0px 0px; padding: 0px; color: #ffffff; font-family: &#039;Open Sans&#039;, Arial, sans-serif; font-size: 14px; text-align: left; font-weight: bold;\">Facilitadora en procesos de agricultura familiar, campesina y comunitaria.<\/span><\/p>\n<\/div><\/div><\/div><\/div><div class=\"kc-elm kc-css-664763 kc_row kc_row_inner\"><div class=\"kc-elm kc-css-324046 kc_col-sm-12 kc_column_inner kc_col-sm-12\"><div class=\"kc_wrapper kc-col-inner-container\"><div class=\"kc-elm kc-css-193577 kc_text_block\"><p style=\"margin: 0px 0px 15px; padding: 0px; color: #f6f6f6; font-family: &#039;Open Sans&#039;, Arial, sans-serif; font-size: 14px; text-align: left;\">Actualmente apoyo el fortalecimiento de los circuitos cortos de comercializaci\u00f3n y el proceso de calidad en caf\u00e9 especial tipo exportaci\u00f3n.<\/p>\n<\/div><\/div><\/div><\/div><\/div><\/div><\/div><\/div><\/div><div class=\"kc-elm kc-css-499266 kc_col-sm-3 kc_column kc_col-sm-3\"><div class=\"kc-col-container\"><div class=\"kc-elm kc-css-886621 kc_row kc_row_inner\"><div class=\"kc-elm kc-css-321004 kc_col-sm-12 kc_column_inner kc_col-sm-12\"><div class=\"kc_wrapper kc-col-inner-container\"><div class=\"kc-elm kc-css-653168 kc_row kc_row_inner\"><div class=\"kc-elm kc-css-604439 kc_col-sm-12 kc_column_inner kc_col-sm-12\"><div class=\"kc_wrapper kc-col-inner-container\"><div class=\"kc-elm kc-css-54531 kc_shortcode kc_single_image\">\n\n        <img src=\"https:\/\/serraniagua.org\/anterior\/wp-content\/uploads\/2021\/06\/melquin_1.jpg\" class=\"\" alt=\"\" \/>    <\/div>\n<\/div><\/div><\/div><div class=\"kc-elm kc-css-324430 kc_row kc_row_inner\"><div class=\"kc-elm kc-css-242111 kc_col-sm-12 kc_column_inner kc_col-sm-12\"><div class=\"kc_wrapper kc-col-inner-container\"><div class=\"kc-elm kc-css-68850 kc_text_block\"><h2 style=\"margin: 0px 0px; padding: 0px; color: #93c83d; font-family: &#039;Open Sans&#039;, Arial, sans-serif; font-size: 14px; text-align: left; font-weight: bold;\">Melquin Salazar<\/h2>\n<p><span style=\"margin: 0px 0px; padding: 0px; color: #ffffff; font-family: &#039;Open Sans&#039;, Arial, sans-serif; font-size: 14px; text-align: left; font-weight: bold;\">Educaci\u00f3n Ambiental<\/span><\/p>\n<\/div><\/div><\/div><\/div><div class=\"kc-elm kc-css-485302 kc_row kc_row_inner\"><div class=\"kc-elm kc-css-537637 kc_col-sm-12 kc_column_inner kc_col-sm-12\"><div class=\"kc_wrapper kc-col-inner-container\"><div class=\"kc-elm kc-css-357471 kc_text_block\"><p style=\"margin: 0px 0px 15px; padding: 0px; color: #f6f6f6; font-family: &#039;Open Sans&#039;, Arial, sans-serif; font-size: 14px; text-align: left;\">Facilitador de educaci\u00f3n ambiental, aprovechamiento de recursos locales y planes de manejo de reservas. Dise\u00f1ador de vallas informativas de reservas y zonas protegidas.<\/p>\n<\/div><\/div><\/div><\/div><\/div><\/div><\/div><\/div><\/div><\/div><\/div><\/section><section data-kc-fullwidth=\"row\" class=\"kc-elm kc-css-472861 kc_row\"><div class=\"kc-row-container  kc-container\"><div class=\"kc-wrap-columns\"><div class=\"kc-elm kc-css-265960 kc_col-sm-3 kc_column kc_col-sm-3\"><div class=\"kc-col-container\"><div class=\"kc-elm kc-css-197182 kc_row kc_row_inner\"><div class=\"kc-elm kc-css-742438 kc_col-sm-12 kc_column_inner kc_col-sm-12\"><div class=\"kc_wrapper kc-col-inner-container\"><div class=\"kc-elm kc-css-694315 kc_row kc_row_inner\"><div class=\"kc-elm kc-css-317626 kc_col-sm-12 kc_column_inner kc_col-sm-12\"><div class=\"kc_wrapper kc-col-inner-container\"><div class=\"kc-elm kc-css-544659 kc_shortcode kc_single_image\">\n\n        <img src=\"https:\/\/serraniagua.org\/anterior\/wp-content\/uploads\/2021\/06\/orlain_1.jpg\" class=\"\" alt=\"\" \/>    <\/div>\n<\/div><\/div><\/div><div class=\"kc-elm kc-css-453507 kc_row kc_row_inner\"><div class=\"kc-elm kc-css-731292 kc_col-sm-12 kc_column_inner kc_col-sm-12\"><div class=\"kc_wrapper kc-col-inner-container\"><div class=\"kc-elm kc-css-33330 kc_text_block\"><h2 style=\"margin: 0px 0px; padding: 0px; color: #93c83d; font-family: &#039;Open Sans&#039;, Arial, sans-serif; font-size: 14px; text-align: left; font-weight: bold;\">Orla\u00edn Gutierrez<\/h2>\n<p><span style=\"margin: 0px 0px; padding: 0px; color: #ffffff; font-family: &#039;Open Sans&#039;, Arial, sans-serif; font-size: 14px; text-align: left; font-weight: bold;\">Facilitador en la formaci\u00f3n rural de agricultura org\u00e1nica y procesos de organizaci\u00f3n comunitaria.<\/span><\/p>\n<\/div><\/div><\/div><\/div><div class=\"kc-elm kc-css-58440 kc_row kc_row_inner\"><div class=\"kc-elm kc-css-209773 kc_col-sm-12 kc_column_inner kc_col-sm-12\"><div class=\"kc_wrapper kc-col-inner-container\"><div class=\"kc-elm kc-css-936346 kc_text_block\"><p style=\"margin: 0px 0px 15px; padding: 0px; color: #f6f6f6; font-family: &#039;Open Sans&#039;, Arial, sans-serif; font-size: 14px; text-align: left;\">No sabe, no responde<\/p>\n<\/div><\/div><\/div><\/div><\/div><\/div><\/div><\/div><\/div><div class=\"kc-elm kc-css-430203 kc_col-sm-3 kc_column kc_col-sm-3\"><div class=\"kc-col-container\"><div class=\"kc-elm kc-css-11535 kc_row kc_row_inner\"><div class=\"kc-elm kc-css-476578 kc_col-sm-12 kc_column_inner kc_col-sm-12\"><div class=\"kc_wrapper kc-col-inner-container\"><div class=\"kc-elm kc-css-695490 kc_row kc_row_inner\"><div class=\"kc-elm kc-css-341019 kc_col-sm-12 kc_column_inner kc_col-sm-12\"><div class=\"kc_wrapper kc-col-inner-container\"><div class=\"kc-elm kc-css-497240 kc_shortcode kc_single_image\">\n\n        <img src=\"https:\/\/serraniagua.org\/anterior\/wp-content\/uploads\/2021\/06\/diomer_1.png\" class=\"\" alt=\"\" \/>    <\/div>\n<\/div><\/div><\/div><div class=\"kc-elm kc-css-352417 kc_row kc_row_inner\"><div class=\"kc-elm kc-css-104545 kc_col-sm-12 kc_column_inner kc_col-sm-12\"><div class=\"kc_wrapper kc-col-inner-container\"><div class=\"kc-elm kc-css-266894 kc_text_block\"><h2 style=\"margin: 0px 0px; padding: 0px; color: #93c83d; font-family: &#039;Open Sans&#039;, Arial, sans-serif; font-size: 14px; text-align: left; font-weight: bold;\">Diomer Augusto Toro<\/h2>\n<p><span style=\"margin: 0px 0px; padding: 0px; color: #ffffff; font-family: &#039;Open Sans&#039;, Arial, sans-serif; font-size: 14px; text-align: left; font-weight: bold;\">Sistemas pecuarios sostenibles y manufactura de equipos para caf\u00e9<\/span><\/p>\n<\/div><\/div><\/div><\/div><div class=\"kc-elm kc-css-123023 kc_row kc_row_inner\"><div class=\"kc-elm kc-css-970607 kc_col-sm-12 kc_column_inner kc_col-sm-12\"><div class=\"kc_wrapper kc-col-inner-container\"><div class=\"kc-elm kc-css-821111 kc_text_block\"><p style=\"margin: 0px 0px 15px; padding: 0px; color: #f6f6f6; font-family: &#039;Open Sans&#039;, Arial, sans-serif; font-size: 14px; text-align: left;\">Profesional de apoyo en sistemas de producci\u00f3n pecuaria, energ\u00edas alternativas, planificaci\u00f3n de finca, dise\u00f1o y fabricaci\u00f3n de maquinaria especializada en caf\u00e9.<\/p>\n<\/div><\/div><\/div><\/div><\/div><\/div><\/div><\/div><\/div><div class=\"kc-elm kc-css-579145 kc_col-sm-3 kc_column kc_col-sm-3\"><div class=\"kc-col-container\"><div class=\"kc-elm kc-css-781352 kc_row kc_row_inner\"><div class=\"kc-elm kc-css-86206 kc_col-sm-12 kc_column_inner kc_col-sm-12\"><div class=\"kc_wrapper kc-col-inner-container\"><div class=\"kc-elm kc-css-924624 kc_row kc_row_inner\"><div class=\"kc-elm kc-css-71500 kc_col-sm-12 kc_column_inner kc_col-sm-12\"><div class=\"kc_wrapper kc-col-inner-container\"><div class=\"kc-elm kc-css-530517 kc_shortcode kc_single_image\">\n\n        <img src=\"https:\/\/serraniagua.org\/anterior\/wp-content\/uploads\/2021\/06\/antonia_2.jpg\" class=\"\" alt=\"\" \/>    <\/div>\n<\/div><\/div><\/div><div class=\"kc-elm kc-css-661775 kc_row kc_row_inner\"><div class=\"kc-elm kc-css-75006 kc_col-sm-12 kc_column_inner kc_col-sm-12\"><div class=\"kc_wrapper kc-col-inner-container\"><div class=\"kc-elm kc-css-525621 kc_text_block\"><h2 style=\"margin: 0px 0px; padding: 0px; color: #93c83d; font-family: &#039;Open Sans&#039;, Arial, sans-serif; font-size: 14px; text-align: left; font-weight: bold;\">Mar\u00eda Antonia Franco<\/h2>\n<p><span style=\"margin: 0px 0px; padding: 0px; color: #ffffff; font-family: &#039;Open Sans&#039;, Arial, sans-serif; font-size: 14px; text-align: left; font-weight: bold;\">Gestora Cultural, Integrante del equipo de Comunicaciones y Coordinadora del Festival Monta\u00f1eros en los Paraguas <\/span><\/p>\n<\/div><\/div><\/div><\/div><div class=\"kc-elm kc-css-765797 kc_row kc_row_inner\"><div class=\"kc-elm kc-css-50189 kc_col-sm-12 kc_column_inner kc_col-sm-12\"><div class=\"kc_wrapper kc-col-inner-container\"><div class=\"kc-elm kc-css-960031 kc_text_block\"><p style=\"margin: 0px 0px 15px; padding: 0px; color: #f6f6f6; font-family: &#039;Open Sans&#039;, Arial, sans-serif; font-size: 14px; text-align: left;\">Apoyo en comunicaciones desde un enfoque cultural, realizaci\u00f3n de programas especiales de radio monta\u00f1era, creaci\u00f3n de productos comunicativos y apoyo en eventos e intercambios culturales desde el Caf\u00e9 Cultural COMAM, manejo de redes sociales.<\/p>\n<\/div><\/div><\/div><\/div><\/div><\/div><\/div><\/div><\/div><div class=\"kc-elm kc-css-712576 kc_col-sm-3 kc_column kc_col-sm-3\"><div class=\"kc-col-container\"><div class=\"kc-elm kc-css-831448 kc_row kc_row_inner\"><div class=\"kc-elm kc-css-197792 kc_col-sm-12 kc_column_inner kc_col-sm-12\"><div class=\"kc_wrapper kc-col-inner-container\"><div class=\"kc-elm kc-css-443849 kc_row kc_row_inner\"><div class=\"kc-elm kc-css-893172 kc_col-sm-12 kc_column_inner kc_col-sm-12\"><div class=\"kc_wrapper kc-col-inner-container\"><div class=\"kc-elm kc-css-106738 kc_shortcode kc_single_image\">\n\n        <img src=\"https:\/\/serraniagua.org\/anterior\/wp-content\/uploads\/2021\/06\/tulio_2.png\" class=\"\" alt=\"\" \/>    <\/div>\n<\/div><\/div><\/div><div class=\"kc-elm kc-css-420980 kc_row kc_row_inner\"><div class=\"kc-elm kc-css-603924 kc_col-sm-12 kc_column_inner kc_col-sm-12\"><div class=\"kc_wrapper kc-col-inner-container\"><div class=\"kc-elm kc-css-284897 kc_text_block\"><h2 style=\"margin: 0px 0px; padding: 0px; color: #93c83d; font-family: &#039;Open Sans&#039;, Arial, sans-serif; font-size: 14px; text-align: left; font-weight: bold;\">C\u00e9sar Gonz\u00e1lez Franco<\/h2>\n<p><span style=\"margin: 0px 0px; padding: 0px; color: #ffffff; font-family: &#039;Open Sans&#039;, Arial, sans-serif; font-size: 14px; text-align: left; font-weight: bold;\">Apoyo audiovisual y dise\u00f1o<\/span><\/p>\n<\/div><\/div><\/div><\/div><div class=\"kc-elm kc-css-497858 kc_row kc_row_inner\"><div class=\"kc-elm kc-css-405623 kc_col-sm-12 kc_column_inner kc_col-sm-12\"><div class=\"kc_wrapper kc-col-inner-container\"><div class=\"kc-elm kc-css-734125 kc_text_block\"><p style=\"margin: 0px 0px 15px; padding: 0px; color: #f6f6f6; font-family: &#039;Open Sans&#039;, Arial, sans-serif; font-size: 14px; text-align: left;\">Persona encargada de apoyar las necesidades tanto de dise\u00f1o impreso o digital y audiovisual de la comunidad.<\/p>\n<\/div><\/div><\/div><\/div><\/div><\/div><\/div><\/div><\/div><\/div><\/div><\/section><section data-kc-fullwidth=\"row\" class=\"kc-elm kc-css-393815 kc_row\"><div class=\"kc-row-container  kc-container\"><div class=\"kc-wrap-columns\"><div class=\"kc-elm kc-css-536138 kc_col-sm-3 kc_column kc_col-sm-3\"><div class=\"kc-col-container\"><div class=\"kc-elm kc-css-701680 kc_row kc_row_inner\"><div class=\"kc-elm kc-css-780403 kc_col-sm-12 kc_column_inner kc_col-sm-12\"><div class=\"kc_wrapper kc-col-inner-container\"><div class=\"kc-elm kc-css-500692 kc_row kc_row_inner\"><div class=\"kc-elm kc-css-735118 kc_col-sm-12 kc_column_inner kc_col-sm-12\"><div class=\"kc_wrapper kc-col-inner-container\"><div class=\"kc-elm kc-css-908327 kc_shortcode kc_single_image\">\n\n        <img src=\"https:\/\/serraniagua.org\/anterior\/wp-content\/uploads\/2021\/06\/johnnier_2.jpg\" class=\"\" alt=\"\" \/>    <\/div>\n<\/div><\/div><\/div><div class=\"kc-elm kc-css-867741 kc_row kc_row_inner\"><div class=\"kc-elm kc-css-999126 kc_col-sm-12 kc_column_inner kc_col-sm-12\"><div class=\"kc_wrapper kc-col-inner-container\"><div class=\"kc-elm kc-css-40669 kc_text_block\"><h2 style=\"margin: 0px 0px; padding: 0px; color: #93c83d; font-family: &#039;Open Sans&#039;, Arial, sans-serif; font-size: 14px; text-align: left; font-weight: bold;\">Johnnier Arango Berm\u00fadez<\/h2>\n<p><span style=\"margin: 0px 0px; padding: 0px; color: #ffffff; font-family: &#039;Open Sans&#039;, Arial, sans-serif; font-size: 14px; text-align: left; font-weight: bold;\">Educaci\u00f3n ambiental, comunicaciones y ecoguianza.<\/span><\/p>\n<\/div><\/div><\/div><\/div><div class=\"kc-elm kc-css-515011 kc_row kc_row_inner\"><div class=\"kc-elm kc-css-888895 kc_col-sm-12 kc_column_inner kc_col-sm-12\"><div class=\"kc_wrapper kc-col-inner-container\"><div class=\"kc-elm kc-css-876886 kc_text_block\"><p style=\"margin: 0px 0px 15px; padding: 0px; color: #f6f6f6; font-family: &#039;Open Sans&#039;, Arial, sans-serif; font-size: 14px; text-align: left;\">Gu\u00eda especializado en turismo de avistamiento de aves, intepretaci\u00f3n ambiental y turismo cultural. Apoya los procesos de comunicaciones de la organizaci\u00f3n y en el campo del monitoreo comunitario de la biodiversidad de la Serran\u00eda.<br \/>Actualmente administra su propia empresa dedicada el turismo de avistamiento de aves en Colombia: Andeanbirder.com<\/p>\n<\/div><\/div><\/div><\/div><\/div><\/div><\/div><\/div><\/div><div class=\"kc-elm kc-css-662023 kc_col-sm-3 kc_column kc_col-sm-3\"><div class=\"kc-col-container\"><div class=\"kc-elm kc-css-421170 kc_row kc_row_inner\"><div class=\"kc-elm kc-css-804595 kc_col-sm-12 kc_column_inner kc_col-sm-12\"><div class=\"kc_wrapper kc-col-inner-container\"><div class=\"kc-elm kc-css-306247 kc_row kc_row_inner\"><div class=\"kc-elm kc-css-160382 kc_col-sm-12 kc_column_inner kc_col-sm-12\"><div class=\"kc_wrapper kc-col-inner-container\"><div class=\"kc-elm kc-css-811128 kc_shortcode kc_single_image\">\n\n        <img src=\"https:\/\/serraniagua.org\/anterior\/wp-content\/uploads\/2021\/06\/naye_2.png\" class=\"\" alt=\"\" \/>    <\/div>\n<\/div><\/div><\/div><div class=\"kc-elm kc-css-888511 kc_row kc_row_inner\"><div class=\"kc-elm kc-css-229141 kc_col-sm-12 kc_column_inner kc_col-sm-12\"><div class=\"kc_wrapper kc-col-inner-container\"><div class=\"kc-elm kc-css-262170 kc_text_block\"><h2 style=\"margin: 0px 0px; padding: 0px; color: #93c83d; font-family: &#039;Open Sans&#039;, Arial, sans-serif; font-size: 14px; text-align: left; font-weight: bold;\">Nayely Gallego Posada<\/h2>\n<p><span style=\"margin: 0px 0px; padding: 0px; color: #ffffff; font-family: &#039;Open Sans&#039;, Arial, sans-serif; font-size: 14px; text-align: left; font-weight: bold;\">Integrante del grupo Ambiental \u00c1guilas Crestadas <\/span><\/p>\n<\/div><\/div><\/div><\/div><div class=\"kc-elm kc-css-586755 kc_row kc_row_inner\"><div class=\"kc-elm kc-css-586829 kc_col-sm-12 kc_column_inner kc_col-sm-12\"><div class=\"kc_wrapper kc-col-inner-container\"><div class=\"kc-elm kc-css-544327 kc_text_block\"><p style=\"margin: 0px 0px 15px; padding: 0px; color: #f6f6f6; font-family: &#039;Open Sans&#039;, Arial, sans-serif; font-size: 14px; text-align: left;\">El avistamiento de aves es su pasatiempos favorito: Conocer, avistar y realizar listados para ebird es su principal aporte a la Ciencia, sin dejar a un lado a otras especies que como integrante del grupo ambiental \u00c1guilas Crestadas considera importantes conocer para conservar.<br \/>Participa adem\u00e1s, en procesos de agricultura familiar campesina, a trav\u00e9s de la organizaci\u00f3n Serraniagua, mediante procesos de voluntariado.<\/p>\n<\/div><\/div><\/div><\/div><\/div><\/div><\/div><\/div><\/div><div class=\"kc-elm kc-css-730571 kc_col-sm-3 kc_column kc_col-sm-3\"><div class=\"kc-col-container\"><div class=\"kc-elm kc-css-805222 kc_row kc_row_inner\"><div class=\"kc-elm kc-css-686583 kc_col-sm-12 kc_column_inner kc_col-sm-12\"><div class=\"kc_wrapper kc-col-inner-container\"><div class=\"kc-elm kc-css-478519 kc_row kc_row_inner\"><div class=\"kc-elm kc-css-850245 kc_col-sm-12 kc_column_inner kc_col-sm-12\"><div class=\"kc_wrapper kc-col-inner-container\"><div class=\"kc-elm kc-css-584811 kc_shortcode kc_single_image\">\n\n        <img src=\"https:\/\/serraniagua.org\/anterior\/wp-content\/uploads\/2021\/06\/juan_1.png\" class=\"\" alt=\"\" \/>    <\/div>\n<\/div><\/div><\/div><div class=\"kc-elm kc-css-581204 kc_row kc_row_inner\"><div class=\"kc-elm kc-css-20224 kc_col-sm-12 kc_column_inner kc_col-sm-12\"><div class=\"kc_wrapper kc-col-inner-container\"><div class=\"kc-elm kc-css-553931 kc_text_block\"><h2 style=\"margin: 0px 0px; padding: 0px; color: #93c83d; font-family: &#039;Open Sans&#039;, Arial, sans-serif; font-size: 14px; text-align: left; font-weight: bold;\">Juan Guillermo Mar\u00edn<\/h2>\n<p><span style=\"margin: 0px 0px; padding: 0px; color: #ffffff; font-family: &#039;Open Sans&#039;, Arial, sans-serif; font-size: 14px; text-align: left; font-weight: bold;\">Integrante del grupo Ambiental \u00c1guilas Crestadas <\/span><\/p>\n<\/div><\/div><\/div><\/div><div class=\"kc-elm kc-css-745042 kc_row kc_row_inner\"><div class=\"kc-elm kc-css-972437 kc_col-sm-12 kc_column_inner kc_col-sm-12\"><div class=\"kc_wrapper kc-col-inner-container\"><div class=\"kc-elm kc-css-170060 kc_text_block\"><p style=\"margin: 0px 0px 15px; padding: 0px; color: #f6f6f6; font-family: &#039;Open Sans&#039;, Arial, sans-serif; font-size: 14px; text-align: left;\">Participa en procesos de agricultura familiar campesina, brindando apoyo para estos por medio de voluntariados a trav\u00e9s de la coorporaci\u00f3n serranigua.<br \/>Amante de la vida natural, siendo el avistamiento de aves el mejor pasatiempo. Aportando as\u00ed, a la ciencia con el desarrollo de actividades que involucran a las mismas y a otras especies que considera importantes conocer para conservar.<\/p>\n<\/div><\/div><\/div><\/div><\/div><\/div><\/div><\/div><\/div><div class=\"kc-elm kc-css-593986 kc_col-sm-3 kc_column kc_col-sm-3\"><div class=\"kc-col-container\"><div class=\"kc-elm kc-css-869313 kc_row kc_row_inner\"><div class=\"kc-elm kc-css-134621 kc_col-sm-12 kc_column_inner kc_col-sm-12\"><div class=\"kc_wrapper kc-col-inner-container\"><div class=\"kc-elm kc-css-501167 kc_row kc_row_inner\"><div class=\"kc-elm kc-css-452240 kc_col-sm-12 kc_column_inner kc_col-sm-12\"><div class=\"kc_wrapper kc-col-inner-container\"><div class=\"kc-elm kc-css-831811 kc_shortcode kc_single_image\">\n\n        <img src=\"https:\/\/serraniagua.org\/anterior\/wp-content\/uploads\/2021\/06\/dahiana.png\" class=\"\" alt=\"\" \/>    <\/div>\n<\/div><\/div><\/div><div class=\"kc-elm kc-css-728556 kc_row kc_row_inner\"><div class=\"kc-elm kc-css-177254 kc_col-sm-12 kc_column_inner kc_col-sm-12\"><div class=\"kc_wrapper kc-col-inner-container\"><div class=\"kc-elm kc-css-50577 kc_text_block\"><h2 style=\"margin: 0px 0px; padding: 0px; color: #93c83d; font-family: &#039;Open Sans&#039;, Arial, sans-serif; font-size: 14px; text-align: left; font-weight: bold;\">Dahiana Bland\u00f3n Ospina<\/h2>\n<p><span style=\"margin: 0px 0px; padding: 0px; color: #ffffff; font-family: &#039;Open Sans&#039;, Arial, sans-serif; font-size: 14px; text-align: left; font-weight: bold;\">Integrante del grupo Ambiental \u00c1guilas Crestadas <\/span><\/p>\n<\/div><\/div><\/div><\/div><div class=\"kc-elm kc-css-419916 kc_row kc_row_inner\"><div class=\"kc-elm kc-css-65466 kc_col-sm-12 kc_column_inner kc_col-sm-12\"><div class=\"kc_wrapper kc-col-inner-container\"><div class=\"kc-elm kc-css-221409 kc_text_block\"><p style=\"margin: 0px 0px 15px; padding: 0px; color: #f6f6f6; font-family: &#039;Open Sans&#039;, Arial, sans-serif; font-size: 14px; text-align: left;\">Su mayor riqueza es vivir en el campo: Conocer, valorar y amar la naturaleza hace parte de su esencia, busca transmitir el verdadero valor de cada detalle de todo aquello que la rodea dejandose llevar de su ni\u00f1a interior, tambi\u00e9n hace parte de algunos procesos que contribuyen amigablemente al medio ambiente gracias a los voluntariados que ofrece la organizaci\u00f3n Serraniagua.<\/p>\n<\/div><\/div><\/div><\/div><\/div><\/div><\/div><\/div><\/div><\/div><\/div><\/section><section data-kc-fullwidth=\"row\" class=\"kc-elm kc-css-25294 kc_row\"><div class=\"kc-row-container  kc-container\"><div class=\"kc-wrap-columns\"><div class=\"kc-elm kc-css-341218 kc_col-sm-3 kc_column kc_col-sm-3\"><div class=\"kc-col-container\"><div class=\"kc-elm kc-css-480298 kc_row kc_row_inner\"><div class=\"kc-elm kc-css-554748 kc_col-sm-12 kc_column_inner kc_col-sm-12\"><div class=\"kc_wrapper kc-col-inner-container\"><div class=\"kc-elm kc-css-944070 kc_row kc_row_inner\"><div class=\"kc-elm kc-css-126447 kc_col-sm-12 kc_column_inner kc_col-sm-12\"><div class=\"kc_wrapper kc-col-inner-container\"><div class=\"kc-elm kc-css-619482 kc_shortcode kc_single_image\">\n\n        <img src=\"https:\/\/serraniagua.org\/anterior\/wp-content\/uploads\/2021\/06\/yerson_1.png\" class=\"\" alt=\"\" \/>    <\/div>\n<\/div><\/div><\/div><div class=\"kc-elm kc-css-756698 kc_row kc_row_inner\"><div class=\"kc-elm kc-css-52213 kc_col-sm-12 kc_column_inner kc_col-sm-12\"><div class=\"kc_wrapper kc-col-inner-container\"><div class=\"kc-elm kc-css-355155 kc_text_block\"><h2 style=\"margin: 0px 0px; padding: 0px; color: #93c83d; font-family: &#039;Open Sans&#039;, Arial, sans-serif; font-size: 14px; text-align: left; font-weight: bold;\">Yerson Alejandro Moncada<\/h2>\n<p><span style=\"margin: 0px 0px; padding: 0px; color: #ffffff; font-family: &#039;Open Sans&#039;, Arial, sans-serif; font-size: 14px; text-align: left; font-weight: bold;\">Integrante del grupo Ambiental \u00c1guilas Crestadas <\/span><\/p>\n<\/div><\/div><\/div><\/div><div class=\"kc-elm kc-css-862389 kc_row kc_row_inner\"><div class=\"kc-elm kc-css-423653 kc_col-sm-12 kc_column_inner kc_col-sm-12\"><div class=\"kc_wrapper kc-col-inner-container\"><div class=\"kc-elm kc-css-548213 kc_text_block\"><p style=\"margin: 0px 0px 15px; padding: 0px; color: #f6f6f6; font-family: &#039;Open Sans&#039;, Arial, sans-serif; font-size: 14px; text-align: left;\">Amante de las aves y de todas las formas en las que se presenta la vida natural.<br \/>Yerson, es el encargado de monitorear habitualmente el registro de especies que se encuentran en la Vereda la Laguna, espec\u00edficamente en la finca el Nogal aportando con listados que se actualizan mensualmente en la plataforma ebird.<\/p>\n<\/div><\/div><\/div><\/div><\/div><\/div><\/div><\/div><\/div><div class=\"kc-elm kc-css-9385 kc_col-sm-3 kc_column kc_col-sm-3\"><div class=\"kc-col-container\"><div class=\"kc-elm kc-css-263691 kc_row kc_row_inner\"><div class=\"kc-elm kc-css-595721 kc_col-sm-12 kc_column_inner kc_col-sm-12\"><div class=\"kc_wrapper kc-col-inner-container\"><div class=\"kc-elm kc-css-371037 kc_row kc_row_inner\"><div class=\"kc-elm kc-css-405482 kc_col-sm-12 kc_column_inner kc_col-sm-12\"><div class=\"kc_wrapper kc-col-inner-container\"><div class=\"kc-elm kc-css-676420 kc_shortcode kc_single_image\">\n\n        <img src=\"https:\/\/serraniagua.org\/anterior\/wp-content\/uploads\/2021\/06\/camilo_1.png\" class=\"\" alt=\"\" \/>    <\/div>\n<\/div><\/div><\/div><div class=\"kc-elm kc-css-870121 kc_row kc_row_inner\"><div class=\"kc-elm kc-css-342205 kc_col-sm-12 kc_column_inner kc_col-sm-12\"><div class=\"kc_wrapper kc-col-inner-container\"><div class=\"kc-elm kc-css-143794 kc_text_block\"><h2 style=\"margin: 0px 0px; padding: 0px; color: #93c83d; font-family: &#039;Open Sans&#039;, Arial, sans-serif; font-size: 14px; text-align: left; font-weight: bold;\">Camilo Solarte Colorado<\/h2>\n<p><span style=\"margin: 0px 0px; padding: 0px; color: #ffffff; font-family: &#039;Open Sans&#039;, Arial, sans-serif; font-size: 14px; text-align: left; font-weight: bold;\">Integrante del grupo Ambiental \u00c1guilas Crestadas <\/span><\/p>\n<\/div><\/div><\/div><\/div><div class=\"kc-elm kc-css-343486 kc_row kc_row_inner\"><div class=\"kc-elm kc-css-445098 kc_col-sm-12 kc_column_inner kc_col-sm-12\"><div class=\"kc_wrapper kc-col-inner-container\"><div class=\"kc-elm kc-css-507297 kc_text_block\"><p style=\"margin: 0px 0px 15px; padding: 0px; color: #f6f6f6; font-family: &#039;Open Sans&#039;, Arial, sans-serif; font-size: 14px; text-align: left;\">Con la mejor actitud para ayudar y colaborar siempre que pueda a la comunidad y al grupo \u00c1guilas Crestadas.<br \/>\u00c9l adem\u00e1s, vive en la Finca El Diamante, en la Vereda El Diamante, donde se realizan diferentes procesos de agricultura org\u00e1nica, teniendo adem\u00e1s una biofabrica y diferentes cultivos de plantas medicinales con los cuales se sacan diferentes productos para comercializar.<\/p>\n<\/div><\/div><\/div><\/div><\/div><\/div><\/div><\/div><\/div><div class=\"kc-elm kc-css-863478 kc_col-sm-3 kc_column kc_col-sm-3\"><div class=\"kc-col-container\"><div class=\"kc-elm kc-css-989275 kc_row kc_row_inner\"><div class=\"kc-elm kc-css-114204 kc_col-sm-12 kc_column_inner kc_col-sm-12\"><div class=\"kc_wrapper kc-col-inner-container\"><div class=\"kc-elm kc-css-919719 kc_row kc_row_inner\"><div class=\"kc-elm kc-css-464612 kc_col-sm-12 kc_column_inner kc_col-sm-12\"><div class=\"kc_wrapper kc-col-inner-container\"><div class=\"kc-elm kc-css-326297 kc_shortcode kc_single_image\">\n\n        <img src=\"https:\/\/serraniagua.org\/anterior\/wp-content\/uploads\/2021\/06\/juan_martin.png\" class=\"\" alt=\"\" \/>    <\/div>\n<\/div><\/div><\/div><div class=\"kc-elm kc-css-363977 kc_row kc_row_inner\"><div class=\"kc-elm kc-css-851254 kc_col-sm-12 kc_column_inner kc_col-sm-12\"><div class=\"kc_wrapper kc-col-inner-container\"><div class=\"kc-elm kc-css-751988 kc_text_block\"><h2 style=\"margin: 0px 0px; padding: 0px; color: #93c83d; font-family: &#039;Open Sans&#039;, Arial, sans-serif; font-size: 14px; text-align: left; font-weight: bold;\">Juan Mart\u00edn D\u00edaz Garc\u00eda<\/h2>\n<p><span style=\"margin: 0px 0px; padding: 0px; color: #ffffff; font-family: &#039;Open Sans&#039;, Arial, sans-serif; font-size: 14px; text-align: left; font-weight: bold;\">Integrante del grupo Ambiental \u00c1guilas Crestadas <\/span><\/p>\n<\/div><\/div><\/div><\/div><div class=\"kc-elm kc-css-699496 kc_row kc_row_inner\"><div class=\"kc-elm kc-css-178880 kc_col-sm-12 kc_column_inner kc_col-sm-12\"><div class=\"kc_wrapper kc-col-inner-container\"><div class=\"kc-elm kc-css-703169 kc_text_block\"><p style=\"margin: 0px 0px 15px; padding: 0px; color: #f6f6f6; font-family: &#039;Open Sans&#039;, Arial, sans-serif; font-size: 14px; text-align: left;\">Pajarero apasionado, amante de la entomolog\u00eda, aficionado por colaborar en todo lo relacionado en la conservaci\u00f3n del planeta y a los proyectos, grupos, organizaciones y personas que la apoyan.<\/p>\n<\/div><\/div><\/div><\/div><\/div><\/div><\/div><\/div><\/div><div class=\"kc-elm kc-css-584812 kc_col-sm-3 kc_column kc_col-sm-3\"><div class=\"kc-col-container\"><\/div><\/div><\/div><\/div><\/section>\n","protected":false},"excerpt":{"rendered":"","protected":false},"author":1,"featured_media":0,"parent":0,"menu_order":0,"comment_status":"closed","ping_status":"closed","template":"","meta":[],"yoast_head":"<!-- This site is optimized with the Yoast SEO plugin v20.6 - https:\/\/yoast.com\/wordpress\/plugins\/seo\/ -->\n<title>Nuestro Equipo y voluntariado - Serraniagua<\/title>\n<meta name=\"robots\" content=\"noindex, follow, max-snippet:-1, max-image-preview:large, max-video-preview:-1\" \/>\n<meta property=\"og:locale\" content=\"es_ES\" \/>\n<meta property=\"og:type\" content=\"article\" \/>\n<meta property=\"og:title\" content=\"Nuestro Equipo y voluntariado - Serraniagua\" \/>\n<meta property=\"og:description\" content=\"Adriana Giraldo\u00a0 Presidenta del consejo directivo Integrante Red de Mujeres Campesinas de la Serran\u00eda C\u00e9sar Antonio Franco Laverde Coordinador de alianzas y proyectos Asociado fundador de Serraniagua, actual miembro del\" \/>\n<meta property=\"og:url\" content=\"https:\/\/serraniagua.org\/anterior\/?page_id=1819\" \/>\n<meta property=\"og:site_name\" content=\"Serraniagua\" \/>\n<meta property=\"article:publisher\" content=\"https:\/\/www.facebook.com\/Serraniagua\" \/>\n<meta property=\"article:modified_time\" content=\"2022-08-31T15:24:49+00:00\" \/>\n<meta property=\"og:image\" content=\"https:\/\/serraniagua.org\/anterior\/wp-content\/uploads\/2022\/07\/20220326_095335m.png\" \/>\n<meta name=\"twitter:card\" content=\"summary_large_image\" \/>\n<meta name=\"twitter:site\" content=\"@Serraniagua\" \/>\n<meta name=\"twitter:label1\" content=\"Tiempo estimado de lectura\" \/>\n\t<meta name=\"twitter:data1\" content=\"5 minutos\" \/>\n<script type=\"application\/ld+json\" class=\"yoast-schema-graph\">{\"@context\":\"https:\/\/schema.org\",\"@graph\":[{\"@type\":\"WebPage\",\"@id\":\"https:\/\/serraniagua.org\/anterior\/?page_id=1819\",\"url\":\"https:\/\/serraniagua.org\/anterior\/?page_id=1819\",\"name\":\"Nuestro Equipo y voluntariado - Serraniagua\",\"isPartOf\":{\"@id\":\"https:\/\/serraniagua.org\/anterior\/#website\"},\"datePublished\":\"2021-03-11T00:57:52+00:00\",\"dateModified\":\"2022-08-31T15:24:49+00:00\",\"breadcrumb\":{\"@id\":\"https:\/\/serraniagua.org\/anterior\/?page_id=1819#breadcrumb\"},\"inLanguage\":\"es-CO\",\"potentialAction\":[{\"@type\":\"ReadAction\",\"target\":[\"https:\/\/serraniagua.org\/anterior\/?page_id=1819\"]}]},{\"@type\":\"BreadcrumbList\",\"@id\":\"https:\/\/serraniagua.org\/anterior\/?page_id=1819#breadcrumb\",\"itemListElement\":[{\"@type\":\"ListItem\",\"position\":1,\"name\":\"Inicio\",\"item\":\"https:\/\/serraniagua.org\/anterior\/\"},{\"@type\":\"ListItem\",\"position\":2,\"name\":\"Nuestro Equipo y voluntariado\"}]},{\"@type\":\"WebSite\",\"@id\":\"https:\/\/serraniagua.org\/anterior\/#website\",\"url\":\"https:\/\/serraniagua.org\/anterior\/\",\"name\":\"Serraniagua\",\"description\":\"Organizaci\u00f3n Ambiental Comunitaria\",\"publisher\":{\"@id\":\"https:\/\/serraniagua.org\/anterior\/#organization\"},\"potentialAction\":[{\"@type\":\"SearchAction\",\"target\":{\"@type\":\"EntryPoint\",\"urlTemplate\":\"https:\/\/serraniagua.org\/anterior\/?s={search_term_string}\"},\"query-input\":\"required name=search_term_string\"}],\"inLanguage\":\"es-CO\"},{\"@type\":\"Organization\",\"@id\":\"https:\/\/serraniagua.org\/anterior\/#organization\",\"name\":\"Serraniagua\",\"url\":\"https:\/\/serraniagua.org\/anterior\/\",\"logo\":{\"@type\":\"ImageObject\",\"inLanguage\":\"es-CO\",\"@id\":\"https:\/\/serraniagua.org\/anterior\/#\/schema\/logo\/image\/\",\"url\":\"https:\/\/serraniagua.org\/anterior\/wp-content\/uploads\/2021\/02\/logo_footer_color.png\",\"contentUrl\":\"https:\/\/serraniagua.org\/anterior\/wp-content\/uploads\/2021\/02\/logo_footer_color.png\",\"width\":224,\"height\":86,\"caption\":\"Serraniagua\"},\"image\":{\"@id\":\"https:\/\/serraniagua.org\/anterior\/#\/schema\/logo\/image\/\"},\"sameAs\":[\"https:\/\/www.facebook.com\/Serraniagua\",\"https:\/\/twitter.com\/Serraniagua\",\"https:\/\/www.instagram.com\/serraniagua_org\/\"]}]}<\/script>\n<!-- \/ Yoast SEO plugin. -->","yoast_head_json":{"title":"Nuestro Equipo y voluntariado - Serraniagua","robots":{"index":"noindex","follow":"follow","max-snippet":"max-snippet:-1","max-image-preview":"max-image-preview:large","max-video-preview":"max-video-preview:-1"},"og_locale":"es_ES","og_type":"article","og_title":"Nuestro Equipo y voluntariado - Serraniagua","og_description":"Adriana Giraldo\u00a0 Presidenta del consejo directivo Integrante Red de Mujeres Campesinas de la Serran\u00eda C\u00e9sar Antonio Franco Laverde Coordinador de alianzas y proyectos Asociado fundador de Serraniagua, actual miembro del","og_url":"https:\/\/serraniagua.org\/anterior\/?page_id=1819","og_site_name":"Serraniagua","article_publisher":"https:\/\/www.facebook.com\/Serraniagua","article_modified_time":"2022-08-31T15:24:49+00:00","og_image":[{"url":"https:\/\/serraniagua.org\/anterior\/wp-content\/uploads\/2022\/07\/20220326_095335m.png"}],"twitter_card":"summary_large_image","twitter_site":"@Serraniagua","twitter_misc":{"Tiempo estimado de lectura":"5 minutos"},"schema":{"@context":"https:\/\/schema.org","@graph":[{"@type":"WebPage","@id":"https:\/\/serraniagua.org\/anterior\/?page_id=1819","url":"https:\/\/serraniagua.org\/anterior\/?page_id=1819","name":"Nuestro Equipo y voluntariado - Serraniagua","isPartOf":{"@id":"https:\/\/serraniagua.org\/anterior\/#website"},"datePublished":"2021-03-11T00:57:52+00:00","dateModified":"2022-08-31T15:24:49+00:00","breadcrumb":{"@id":"https:\/\/serraniagua.org\/anterior\/?page_id=1819#breadcrumb"},"inLanguage":"es-CO","potentialAction":[{"@type":"ReadAction","target":["https:\/\/serraniagua.org\/anterior\/?page_id=1819"]}]},{"@type":"BreadcrumbList","@id":"https:\/\/serraniagua.org\/anterior\/?page_id=1819#breadcrumb","itemListElement":[{"@type":"ListItem","position":1,"name":"Inicio","item":"https:\/\/serraniagua.org\/anterior\/"},{"@type":"ListItem","position":2,"name":"Nuestro Equipo y voluntariado"}]},{"@type":"WebSite","@id":"https:\/\/serraniagua.org\/anterior\/#website","url":"https:\/\/serraniagua.org\/anterior\/","name":"Serraniagua","description":"Organizaci\u00f3n Ambiental Comunitaria","publisher":{"@id":"https:\/\/serraniagua.org\/anterior\/#organization"},"potentialAction":[{"@type":"SearchAction","target":{"@type":"EntryPoint","urlTemplate":"https:\/\/serraniagua.org\/anterior\/?s={search_term_string}"},"query-input":"required name=search_term_string"}],"inLanguage":"es-CO"},{"@type":"Organization","@id":"https:\/\/serraniagua.org\/anterior\/#organization","name":"Serraniagua","url":"https:\/\/serraniagua.org\/anterior\/","logo":{"@type":"ImageObject","inLanguage":"es-CO","@id":"https:\/\/serraniagua.org\/anterior\/#\/schema\/logo\/image\/","url":"https:\/\/serraniagua.org\/anterior\/wp-content\/uploads\/2021\/02\/logo_footer_color.png","contentUrl":"https:\/\/serraniagua.org\/anterior\/wp-content\/uploads\/2021\/02\/logo_footer_color.png","width":224,"height":86,"caption":"Serraniagua"},"image":{"@id":"https:\/\/serraniagua.org\/anterior\/#\/schema\/logo\/image\/"},"sameAs":["https:\/\/www.facebook.com\/Serraniagua","https:\/\/twitter.com\/Serraniagua","https:\/\/www.instagram.com\/serraniagua_org\/"]}]}},"_links":{"self":[{"href":"https:\/\/serraniagua.org\/anterior\/index.php?rest_route=\/wp\/v2\/pages\/1819"}],"collection":[{"href":"https:\/\/serraniagua.org\/anterior\/index.php?rest_route=\/wp\/v2\/pages"}],"about":[{"href":"https:\/\/serraniagua.org\/anterior\/index.php?rest_route=\/wp\/v2\/types\/page"}],"author":[{"embeddable":true,"href":"https:\/\/serraniagua.org\/anterior\/index.php?rest_route=\/wp\/v2\/users\/1"}],"replies":[{"embeddable":true,"href":"https:\/\/serraniagua.org\/anterior\/index.php?rest_route=%2Fwp%2Fv2%2Fcomments&post=1819"}],"version-history":[{"count":123,"href":"https:\/\/serraniagua.org\/anterior\/index.php?rest_route=\/wp\/v2\/pages\/1819\/revisions"}],"predecessor-version":[{"id":2184,"href":"https:\/\/serraniagua.org\/anterior\/index.php?rest_route=\/wp\/v2\/pages\/1819\/revisions\/2184"}],"wp:attachment":[{"href":"https:\/\/serraniagua.org\/anterior\/index.php?rest_route=%2Fwp%2Fv2%2Fmedia&parent=1819"}],"curies":[{"name":"wp","href":"https:\/\/api.w.org\/{rel}","templated":true}]}}