{"id":1323,"date":"2020-11-04T23:59:38","date_gmt":"2020-11-04T23:59:38","guid":{"rendered":"https:\/\/serraniagua.org\/anterior\/?page_id=1323"},"modified":"2021-02-23T16:54:16","modified_gmt":"2021-02-23T21:54:16","slug":"reserva-natural-comunitaria-galapagos","status":"publish","type":"page","link":"https:\/\/serraniagua.org\/anterior\/?page_id=1323","title":{"rendered":"Reserva Natural Comunitaria Gal\u00e1pagos"},"content":{"rendered":"<section class=\"kc-elm kc-css-338264 kc_row\"><div class=\"kc-row-container  kc-container\"><div class=\"kc-wrap-columns\"><div class=\"kc-elm kc-css-415967 kc_col-sm-12 kc_column kc_col-sm-12\"><div class=\"kc-col-container\"><div class=\"kc-elm kc-css-245182 kc-raw-code\"><div id=\"metaslider-id-1644\" style=\"width: 100%;\" class=\"ml-slider-3-30-0 metaslider metaslider-flex metaslider-1644 ml-slider nav-hidden\">\n    <div id=\"metaslider_container_1644\">\n        <div id=\"metaslider_1644\">\n            <ul aria-live=\"polite\" class=\"slides\">\n                <li style=\"display: block; width: 100%;\" class=\"slide-1648 ms-image\"><img src=\"https:\/\/serraniagua.org\/anterior\/wp-content\/uploads\/2020\/11\/Ampelioides-tschudii_Scaled-fruiteater_Johnnier-Arango-0x0.jpg\" height=\"0\" width=\"0\" alt=\"\" class=\"slider-1644 slide-1648\" title=\"Ampelioides-tschudii_Scaled-fruiteater_Johnnier-Arango\" \/><\/li>\n                <li style=\"display: none; width: 100%;\" class=\"slide-1649 ms-image\"><img src=\"https:\/\/serraniagua.org\/anterior\/wp-content\/uploads\/2020\/11\/Bangsia-aureocincta_Gold-ringed-Tanager_Johnnier-Arango-0x0.jpg\" height=\"0\" width=\"0\" alt=\"\" class=\"slider-1644 slide-1649\" title=\"Bangsia-aureocincta_Gold-ringed-Tanager_Johnnier-Arango\" \/><\/li>\n                <li style=\"display: none; width: 100%;\" class=\"slide-1651 ms-image\"><img src=\"https:\/\/serraniagua.org\/anterior\/wp-content\/uploads\/2020\/11\/Iridosornis-porphyrocephalus_Johnnnier-Arango-0x0.jpg\" height=\"0\" width=\"0\" alt=\"\" class=\"slider-1644 slide-1651\" title=\"Iridosornis-porphyrocephalus_Johnnnier-Arango\" \/><\/li>\n                <li style=\"display: none; width: 100%;\" class=\"slide-1652 ms-image\"><img src=\"https:\/\/serraniagua.org\/anterior\/wp-content\/uploads\/2020\/11\/Pipreola-jucunda_Orange-breasted-fruiteater_Johnnier-Arango-0x0.jpg\" height=\"0\" width=\"0\" alt=\"\" class=\"slider-1644 slide-1652\" title=\"Pipreola-jucunda_Orange-breasted-fruiteater_Johnnier-Arango\" \/><\/li>\n            <\/ul>\n        <\/div>\n        \n    <\/div>\n<\/div><\/div><div class=\"kc-elm kc-css-886101\" style=\"height: 40px; clear: both; width:100%;\"><\/div><div class=\"kc-elm kc-css-44801 kc_row kc_row_inner\"><div class=\"kc-elm kc-css-137520 kc_col-sm-6 kc_column_inner kc_col-sm-6\"><div class=\"kc_wrapper kc-col-inner-container\"><div class=\"kc-elm kc-css-924137 kc_shortcode kc_single_image\">\n\n        <img src=\"https:\/\/serraniagua.org\/anterior\/wp-content\/uploads\/2020\/11\/Galapagos-1-scaled.jpg\" class=\"\" alt=\"\" \/>    <\/div>\n<\/div><\/div><div class=\"kc-elm kc-css-895980 kc_col-sm-6 kc_column_inner kc_col-sm-6\"><div class=\"kc_wrapper kc-col-inner-container\"><div class=\"kc-elm kc-css-28528 kc_shortcode kc_single_image\">\n\n        <img src=\"https:\/\/serraniagua.org\/anterior\/wp-content\/uploads\/2020\/11\/leyendas_galapagos-1-scaled.jpg\" class=\"\" alt=\"\" \/>    <\/div>\n<div class=\"kc-elm kc-css-755918\" style=\"height: 20px; clear: both; width:100%;\"><\/div><div class=\"kc-elm kc-css-845946 kc_text_block\"><p style=\"margin: 12pt 0in; text-align: justify; background-image: initial; background-position: initial; background-size: initial; background-repeat: initial; background-attachment: initial; background-origin: initial; background-clip: initial;\"><span style=\"font-size: 14.6667px;\">La Reserva Natural Comunitaria Gal\u00e1pagos es el punto de conexi\u00f3n entre el Parque Nacional Natural Tatam\u00e1 y la Serran\u00eda de los Paraguas, en esta reserva se considera que nace el R\u00edo Garrapatas, afluente del gran San Juan, el r\u00edo m\u00e1s caudaloso del Pac\u00edfico. Este importante ecosistema de bosques de niebla garantiza la oferta h\u00eddrica para la comunidad de la vereda El Pac\u00edfico y conserva alrededor de doscientas (200) especies de aves de la cuales cinco (5) son end\u00e9micas y cuatro (4) est\u00e1n amenazadas, de la avifauna presente en la Reserva Natural Comunitaria Gal\u00e1pagos se destaca la Bangsia o Tangar\u00e1 de Tatam\u00e1 (<em>Bangsia aureocincta<\/em>) como especie emblem\u00e1tica y valor objeto de conservaci\u00f3n de la zona.\u00a0<\/span><\/p>\n<\/div><div class=\"kc-elm kc-css-809985\" style=\"height: 10px; clear: both; width:100%;\"><\/div><div class=\"kc-elm kc-css-176438 kc_text_block\"><p style=\"margin: 12pt 0in; text-align: justify; background-image: initial; background-position: initial; background-size: initial; background-repeat: initial; background-attachment: initial; background-origin: initial; background-clip: initial;\"><span style=\"font-size: 14.6667px;\">Existen reportes de monitoreo comunitario de fauna de una gran diversidad de mam\u00edferos en el \u00e1rea de la reserva, resaltando el reporte del carn\u00edvoro terrestre m\u00e1s raro de suramerica el Condumb\u00ed o comadreja colombiana (<em>Mustela felipei<\/em>), la cual fue registrada para el \u00e1rea en los a\u00f1os 80\u00b4s.<\/span><\/p>\n<\/div><div class=\"kc-elm kc-css-33616\" style=\"height: 20px; clear: both; width:100%;\"><\/div><div class=\"kc-elm kc-css-518998 kc_row kc_row_inner\"><div class=\"kc-elm kc-css-285388 kc_col-sm-6 kc_column_inner kc_col-sm-6\"><div class=\"kc_wrapper kc-col-inner-container\"><div class=\"kc-elm kc-css-90550 kc_shortcode kc_single_image\">\n\n        <a rel=\"prettyPhoto\" class=\"kc-pretty-photo\" href=\"https:\/\/serraniagua.org\/anterior\/wp-content\/uploads\/2020\/11\/Doryfera-ludovicae-pico-de-lanza-frentiverde-3ra-Salida-de-educacion-ambiental-y-observacion-de-aves-scaled.jpg\" title=\"\" target=\"\">\n        <img src=\"https:\/\/serraniagua.org\/anterior\/wp-content\/uploads\/2020\/11\/Doryfera-ludovicae-pico-de-lanza-frentiverde-3ra-Salida-de-educacion-ambiental-y-observacion-de-aves-scaled.jpg\" class=\"\" alt=\"\" \/>    <\/a>\n    <\/div>\n<\/div><\/div><div class=\"kc-elm kc-css-246237 kc_col-sm-6 kc_column_inner kc_col-sm-6\"><div class=\"kc_wrapper kc-col-inner-container\"><div class=\"kc-elm kc-css-790996 kc_shortcode kc_single_image\">\n\n        <a rel=\"prettyPhoto\" class=\"kc-pretty-photo\" href=\"https:\/\/serraniagua.org\/anterior\/wp-content\/uploads\/2020\/11\/Cyanocorax-yncas-Carriqui-de-montana-3ra-Salida-de-educacion-ambiental-y-observacion-de-aves-scaled.jpg\" title=\"\" target=\"\">\n        <img src=\"https:\/\/serraniagua.org\/anterior\/wp-content\/uploads\/2020\/11\/Cyanocorax-yncas-Carriqui-de-montana-3ra-Salida-de-educacion-ambiental-y-observacion-de-aves-scaled.jpg\" class=\"\" alt=\"\" \/>    <\/a>\n    <\/div>\n<\/div><\/div><\/div><div class=\"kc-elm kc-css-736547\" style=\"height: 20px; clear: both; width:100%;\"><\/div><div class=\"kc-elm kc-css-893587 kc_row kc_row_inner\"><div class=\"kc-elm kc-css-571443 kc_col-sm-6 kc_column_inner kc_col-sm-6\"><div class=\"kc_wrapper kc-col-inner-container\"><div class=\"kc-elm kc-css-655591 kc_shortcode kc_single_image\">\n\n        <a rel=\"prettyPhoto\" class=\"kc-pretty-photo\" href=\"https:\/\/serraniagua.org\/anterior\/wp-content\/uploads\/2020\/11\/anfibios-1era-Salida-de-educacion-ambiental-y-observacion-de-aves-scaled.jpg\" title=\"\" target=\"\">\n        <img src=\"https:\/\/serraniagua.org\/anterior\/wp-content\/uploads\/2020\/11\/anfibios-1era-Salida-de-educacion-ambiental-y-observacion-de-aves-scaled.jpg\" class=\"\" alt=\"\" \/>    <\/a>\n    <\/div>\n<\/div><\/div><div class=\"kc-elm kc-css-433222 kc_col-sm-6 kc_column_inner kc_col-sm-6\"><div class=\"kc_wrapper kc-col-inner-container\"><div class=\"kc-elm kc-css-947680 kc_shortcode kc_single_image\">\n\n        <a rel=\"prettyPhoto\" class=\"kc-pretty-photo\" href=\"https:\/\/serraniagua.org\/anterior\/wp-content\/uploads\/2020\/11\/Cabana-salon-educacion-.jpg\" title=\"\" target=\"\">\n        <img src=\"https:\/\/serraniagua.org\/anterior\/wp-content\/uploads\/2020\/11\/Cabana-salon-educacion-.jpg\" class=\"\" alt=\"\" \/>    <\/a>\n    <\/div>\n<\/div><\/div><\/div><\/div><\/div><\/div><\/div><\/div><\/div><\/div><\/section>\n","protected":false},"excerpt":{"rendered":"","protected":false},"author":1,"featured_media":0,"parent":0,"menu_order":0,"comment_status":"closed","ping_status":"closed","template":"","meta":[],"yoast_head":"<!-- This site is optimized with the Yoast SEO plugin v20.6 - https:\/\/yoast.com\/wordpress\/plugins\/seo\/ -->\n<title>Reserva Natural Comunitaria Gal\u00e1pagos - Serraniagua<\/title>\n<meta name=\"robots\" content=\"noindex, follow, max-snippet:-1, max-image-preview:large, max-video-preview:-1\" \/>\n<meta property=\"og:locale\" content=\"es_ES\" \/>\n<meta property=\"og:type\" content=\"article\" \/>\n<meta property=\"og:title\" content=\"Reserva Natural Comunitaria Gal\u00e1pagos - Serraniagua\" \/>\n<meta property=\"og:description\" content=\"La Reserva Natural Comunitaria Gal\u00e1pagos es el punto de conexi\u00f3n entre el Parque Nacional Natural Tatam\u00e1 y la Serran\u00eda de los Paraguas, en esta reserva se considera que nace el\" \/>\n<meta property=\"og:url\" content=\"https:\/\/serraniagua.org\/anterior\/?page_id=1323\" \/>\n<meta property=\"og:site_name\" content=\"Serraniagua\" \/>\n<meta property=\"article:publisher\" content=\"https:\/\/www.facebook.com\/Serraniagua\" \/>\n<meta property=\"article:modified_time\" content=\"2021-02-23T21:54:16+00:00\" \/>\n<meta property=\"og:image\" content=\"https:\/\/serraniagua.org\/anterior\/wp-content\/uploads\/2020\/11\/Ampelioides-tschudii_Scaled-fruiteater_Johnnier-Arango-0x0.jpg\" \/>\n<meta name=\"twitter:card\" content=\"summary_large_image\" \/>\n<meta name=\"twitter:site\" content=\"@Serraniagua\" \/>\n<meta name=\"twitter:label1\" content=\"Tiempo estimado de lectura\" \/>\n\t<meta name=\"twitter:data1\" content=\"1 minuto\" \/>\n<script type=\"application\/ld+json\" class=\"yoast-schema-graph\">{\"@context\":\"https:\/\/schema.org\",\"@graph\":[{\"@type\":\"WebPage\",\"@id\":\"https:\/\/serraniagua.org\/anterior\/?page_id=1323\",\"url\":\"https:\/\/serraniagua.org\/anterior\/?page_id=1323\",\"name\":\"Reserva Natural Comunitaria Gal\u00e1pagos - Serraniagua\",\"isPartOf\":{\"@id\":\"https:\/\/serraniagua.org\/anterior\/#website\"},\"datePublished\":\"2020-11-04T23:59:38+00:00\",\"dateModified\":\"2021-02-23T21:54:16+00:00\",\"breadcrumb\":{\"@id\":\"https:\/\/serraniagua.org\/anterior\/?page_id=1323#breadcrumb\"},\"inLanguage\":\"es-CO\",\"potentialAction\":[{\"@type\":\"ReadAction\",\"target\":[\"https:\/\/serraniagua.org\/anterior\/?page_id=1323\"]}]},{\"@type\":\"BreadcrumbList\",\"@id\":\"https:\/\/serraniagua.org\/anterior\/?page_id=1323#breadcrumb\",\"itemListElement\":[{\"@type\":\"ListItem\",\"position\":1,\"name\":\"Inicio\",\"item\":\"https:\/\/serraniagua.org\/anterior\/\"},{\"@type\":\"ListItem\",\"position\":2,\"name\":\"Reserva Natural Comunitaria Gal\u00e1pagos\"}]},{\"@type\":\"WebSite\",\"@id\":\"https:\/\/serraniagua.org\/anterior\/#website\",\"url\":\"https:\/\/serraniagua.org\/anterior\/\",\"name\":\"Serraniagua\",\"description\":\"Organizaci\u00f3n Ambiental Comunitaria\",\"publisher\":{\"@id\":\"https:\/\/serraniagua.org\/anterior\/#organization\"},\"potentialAction\":[{\"@type\":\"SearchAction\",\"target\":{\"@type\":\"EntryPoint\",\"urlTemplate\":\"https:\/\/serraniagua.org\/anterior\/?s={search_term_string}\"},\"query-input\":\"required name=search_term_string\"}],\"inLanguage\":\"es-CO\"},{\"@type\":\"Organization\",\"@id\":\"https:\/\/serraniagua.org\/anterior\/#organization\",\"name\":\"Serraniagua\",\"url\":\"https:\/\/serraniagua.org\/anterior\/\",\"logo\":{\"@type\":\"ImageObject\",\"inLanguage\":\"es-CO\",\"@id\":\"https:\/\/serraniagua.org\/anterior\/#\/schema\/logo\/image\/\",\"url\":\"https:\/\/serraniagua.org\/anterior\/wp-content\/uploads\/2021\/02\/logo_footer_color.png\",\"contentUrl\":\"https:\/\/serraniagua.org\/anterior\/wp-content\/uploads\/2021\/02\/logo_footer_color.png\",\"width\":224,\"height\":86,\"caption\":\"Serraniagua\"},\"image\":{\"@id\":\"https:\/\/serraniagua.org\/anterior\/#\/schema\/logo\/image\/\"},\"sameAs\":[\"https:\/\/www.facebook.com\/Serraniagua\",\"https:\/\/twitter.com\/Serraniagua\",\"https:\/\/www.instagram.com\/serraniagua_org\/\"]}]}<\/script>\n<!-- \/ Yoast SEO plugin. -->","yoast_head_json":{"title":"Reserva Natural Comunitaria Gal\u00e1pagos - Serraniagua","robots":{"index":"noindex","follow":"follow","max-snippet":"max-snippet:-1","max-image-preview":"max-image-preview:large","max-video-preview":"max-video-preview:-1"},"og_locale":"es_ES","og_type":"article","og_title":"Reserva Natural Comunitaria Gal\u00e1pagos - Serraniagua","og_description":"La Reserva Natural Comunitaria Gal\u00e1pagos es el punto de conexi\u00f3n entre el Parque Nacional Natural Tatam\u00e1 y la Serran\u00eda de los Paraguas, en esta reserva se considera que nace el","og_url":"https:\/\/serraniagua.org\/anterior\/?page_id=1323","og_site_name":"Serraniagua","article_publisher":"https:\/\/www.facebook.com\/Serraniagua","article_modified_time":"2021-02-23T21:54:16+00:00","og_image":[{"url":"https:\/\/serraniagua.org\/anterior\/wp-content\/uploads\/2020\/11\/Ampelioides-tschudii_Scaled-fruiteater_Johnnier-Arango-0x0.jpg"}],"twitter_card":"summary_large_image","twitter_site":"@Serraniagua","twitter_misc":{"Tiempo estimado de lectura":"1 minuto"},"schema":{"@context":"https:\/\/schema.org","@graph":[{"@type":"WebPage","@id":"https:\/\/serraniagua.org\/anterior\/?page_id=1323","url":"https:\/\/serraniagua.org\/anterior\/?page_id=1323","name":"Reserva Natural Comunitaria Gal\u00e1pagos - Serraniagua","isPartOf":{"@id":"https:\/\/serraniagua.org\/anterior\/#website"},"datePublished":"2020-11-04T23:59:38+00:00","dateModified":"2021-02-23T21:54:16+00:00","breadcrumb":{"@id":"https:\/\/serraniagua.org\/anterior\/?page_id=1323#breadcrumb"},"inLanguage":"es-CO","potentialAction":[{"@type":"ReadAction","target":["https:\/\/serraniagua.org\/anterior\/?page_id=1323"]}]},{"@type":"BreadcrumbList","@id":"https:\/\/serraniagua.org\/anterior\/?page_id=1323#breadcrumb","itemListElement":[{"@type":"ListItem","position":1,"name":"Inicio","item":"https:\/\/serraniagua.org\/anterior\/"},{"@type":"ListItem","position":2,"name":"Reserva Natural Comunitaria Gal\u00e1pagos"}]},{"@type":"WebSite","@id":"https:\/\/serraniagua.org\/anterior\/#website","url":"https:\/\/serraniagua.org\/anterior\/","name":"Serraniagua","description":"Organizaci\u00f3n Ambiental Comunitaria","publisher":{"@id":"https:\/\/serraniagua.org\/anterior\/#organization"},"potentialAction":[{"@type":"SearchAction","target":{"@type":"EntryPoint","urlTemplate":"https:\/\/serraniagua.org\/anterior\/?s={search_term_string}"},"query-input":"required name=search_term_string"}],"inLanguage":"es-CO"},{"@type":"Organization","@id":"https:\/\/serraniagua.org\/anterior\/#organization","name":"Serraniagua","url":"https:\/\/serraniagua.org\/anterior\/","logo":{"@type":"ImageObject","inLanguage":"es-CO","@id":"https:\/\/serraniagua.org\/anterior\/#\/schema\/logo\/image\/","url":"https:\/\/serraniagua.org\/anterior\/wp-content\/uploads\/2021\/02\/logo_footer_color.png","contentUrl":"https:\/\/serraniagua.org\/anterior\/wp-content\/uploads\/2021\/02\/logo_footer_color.png","width":224,"height":86,"caption":"Serraniagua"},"image":{"@id":"https:\/\/serraniagua.org\/anterior\/#\/schema\/logo\/image\/"},"sameAs":["https:\/\/www.facebook.com\/Serraniagua","https:\/\/twitter.com\/Serraniagua","https:\/\/www.instagram.com\/serraniagua_org\/"]}]}},"_links":{"self":[{"href":"https:\/\/serraniagua.org\/anterior\/index.php?rest_route=\/wp\/v2\/pages\/1323"}],"collection":[{"href":"https:\/\/serraniagua.org\/anterior\/index.php?rest_route=\/wp\/v2\/pages"}],"about":[{"href":"https:\/\/serraniagua.org\/anterior\/index.php?rest_route=\/wp\/v2\/types\/page"}],"author":[{"embeddable":true,"href":"https:\/\/serraniagua.org\/anterior\/index.php?rest_route=\/wp\/v2\/users\/1"}],"replies":[{"embeddable":true,"href":"https:\/\/serraniagua.org\/anterior\/index.php?rest_route=%2Fwp%2Fv2%2Fcomments&post=1323"}],"version-history":[{"count":11,"href":"https:\/\/serraniagua.org\/anterior\/index.php?rest_route=\/wp\/v2\/pages\/1323\/revisions"}],"predecessor-version":[{"id":1346,"href":"https:\/\/serraniagua.org\/anterior\/index.php?rest_route=\/wp\/v2\/pages\/1323\/revisions\/1346"}],"wp:attachment":[{"href":"https:\/\/serraniagua.org\/anterior\/index.php?rest_route=%2Fwp%2Fv2%2Fmedia&parent=1323"}],"curies":[{"name":"wp","href":"https:\/\/api.w.org\/{rel}","templated":true}]}}